{"id":430,"date":"2023-07-17T10:29:09","date_gmt":"2023-07-17T09:29:09","guid":{"rendered":"https:\/\/iicalgeri.esteri.it\/?page_id=430"},"modified":"2023-07-17T10:29:09","modified_gmt":"2023-07-17T09:29:09","slug":"celebrations-des-150-ans-de-la-consecration-de-la-basilique-notre-dame-dafrique","status":"publish","type":"page","link":"https:\/\/iicalgeri.esteri.it\/it\/chi-siamo\/contatti\/opportunita\/celebrations-des-150-ans-de-la-consecration-de-la-basilique-notre-dame-dafrique\/","title":{"rendered":"C\u00e9l\u00e9brations des 150 ans de la cons\u00e9cration de la Basilique Notre-Dame d\u2019Afrique"},"content":{"rendered":"<p>La Basilique Notre-Dame d\u2019Afrique fait partie de l\u2019histoire d\u2019Alger et aussi des souvenirs de milliers des personnes qui, pour une raison ou une autre, ont voulu la photographier.<br \/>\nA l\u2019occasion des c\u00e9l\u00e9brations des 150 ans de la cons\u00e9cration de la Basilique, nous organiserons une exposition avec les photos envoy\u00e9es par tous ceux qui le souhaitent.<br \/>\nCe n\u2019est pas un concours, mais un partage entre citoyens et amis du patrimoine.<\/p>\n<p><strong>Comment faire ?<\/strong><\/p>\n<p>Envoyez vos images scann\u00e9es, en format JPEG haute d\u00e9finition, \u00e0 l\u2019adresse :\u00a0<a href=\"mailto:info@notre-dame-afrique.org\">info@notre-dame-afrique.org<\/a><\/p>\n<p>Les photographies envoy\u00e9es doivent \u00eatre libres des droits d\u2019auteur.Chaque photographie doit \u00eatre accompagn\u00e9e de :<\/p>\n<p>Nom de l\u2019auteur (ou de la personne qui fait l\u2019envoi) ;<\/p>\n<p>date de la photographie (m\u00eame approximative) ;<\/p>\n<p>occasion \u00e0 la quelle elle a \u00e9t\u00e9 prise (visite familiale, p\u00e8lerinage, mariage, excursion \u2026) ;<\/p>\n<p>tout autre commentaire jug\u00e9 int\u00e9ressant.<\/p>\n<p>Vous pouvez envoyer plusieurs images, mais chacune dans un message \u00e9lectronique ind\u00e9pendant et en suivant les indications du num\u00e9ro 3.En envoyant les photographies vous acceptez qu\u2019elles soient utilis\u00e9es dans des expositions culturelles sans but lucratif.Les organisateurs se r\u00e9servent le droit de refuser certaines images.Avec l\u2019ensemble des images re\u00e7ues une exposition publique sera organis\u00e9e au cours de l&#8217;ann\u00e9e.Date limite pour envoyer vos images :\u00a0<strong>le 28 f\u00e9vrier 2022.<\/strong><\/p>\n<p>Merci \u00e0 tous de votre contribution \u00e0 cette activit\u00e9 ou de nous aider \u00e0 la faire conna\u00eetre.<br \/>\nP. Jos\u00e9 M. CANTAL RIVAS, recteur de la Basilique<\/p>\n","protected":false},"excerpt":{"rendered":"La Basilique Notre-Dame d\u2019Afrique fait partie de l\u2019histoire d\u2019Alger et aussi des souvenirs de milliers des personnes qui, pour une raison ou une autre, ont voulu la photographier. A l\u2019occasion des c\u00e9l\u00e9brations des 150 ans de la cons\u00e9cration de la Basilique, nous organiserons une exposition avec les photos envoy\u00e9es par tous ceux qui le souhaitent. [&hellip;]","protected":false},"author":6,"featured_media":0,"parent":352,"menu_order":0,"comment_status":"closed","ping_status":"closed","template":"","meta":{"footnotes":""},"class_list":["post-430","page","type-page","status-publish","hentry"],"_links":{"self":[{"href":"https:\/\/iicalgeri.esteri.it\/it\/wp-json\/wp\/v2\/pages\/430","targetHints":{"allow":["GET"]}}],"collection":[{"href":"https:\/\/iicalgeri.esteri.it\/it\/wp-json\/wp\/v2\/pages"}],"about":[{"href":"https:\/\/iicalgeri.esteri.it\/it\/wp-json\/wp\/v2\/types\/page"}],"author":[{"embeddable":true,"href":"https:\/\/iicalgeri.esteri.it\/it\/wp-json\/wp\/v2\/users\/6"}],"replies":[{"embeddable":true,"href":"https:\/\/iicalgeri.esteri.it\/it\/wp-json\/wp\/v2\/comments?post=430"}],"version-history":[{"count":1,"href":"https:\/\/iicalgeri.esteri.it\/it\/wp-json\/wp\/v2\/pages\/430\/revisions"}],"predecessor-version":[{"id":431,"href":"https:\/\/iicalgeri.esteri.it\/it\/wp-json\/wp\/v2\/pages\/430\/revisions\/431"}],"up":[{"embeddable":true,"href":"https:\/\/iicalgeri.esteri.it\/it\/wp-json\/wp\/v2\/pages\/352"}],"wp:attachment":[{"href":"https:\/\/iicalgeri.esteri.it\/it\/wp-json\/wp\/v2\/media?parent=430"}],"curies":[{"name":"wp","href":"https:\/\/api.w.org\/{rel}","templated":true}]}}