{"id":287,"date":"2023-07-16T10:31:11","date_gmt":"2023-07-16T09:31:11","guid":{"rendered":"https:\/\/iicalgeri.esteri.it\/?page_id=287"},"modified":"2023-07-16T10:31:11","modified_gmt":"2023-07-16T09:31:11","slug":"2019-2","status":"publish","type":"page","link":"https:\/\/iicalgeri.esteri.it\/it\/chi-siamo\/la-sede\/sala-stampa\/2019-2\/","title":{"rendered":"2019"},"content":{"rendered":"<p><strong>El Moudjahid<\/strong>\u00a0&#8211;\u00a0<a href=\"http:\/\/www.elmoudjahid.com\/fr\/actualites\/144610\">Ouverture de la \u00ab Semaine de la Cuisine Italienne dans le Monde \u00bb \u00e0 Alger : L\u2019art et le go\u00fbt au c\u0153ur jusqu\u2019au 24 novembre<\/a>\u00a0&#8211;\u00a0<strong>18.11.2019<\/strong><\/p>\n<p>&nbsp;<\/p>\n<p><strong>Reporters<\/strong>\u00a0&#8211;\u00a0<a href=\"https:\/\/www.reporters.dz\/2019\/11\/18\/4e-semaine-de-la-cuisine-italienne-a-alger-oran-et-annaba-la-diete-mediterraneenne-a-lhonneur-des-aujourdhui\/\">4e Semaine de la cuisine italienne \u00e0 Alger, Oran et Annaba : La di\u00e8te m\u00e9diterran\u00e9enne \u00e0 l\u2019honneur d\u00e8s aujourd\u2019hui<\/a>\u00a0&#8211;\u00a0<strong>18.11.2019<\/strong><\/p>\n<p><strong>LIBERTE<\/strong>\u00a0&#8211;\u00a0<a href=\"https:\/\/www.liberte-algerie.com\/actualite\/semaine-de-la-langue-italienne-a-alger-du-21-au-25-octobre-45119\">Semaine de la langue italienne \u00e0 Alger du 21 au 25 octobre<\/a>\u00a0&#8211;\u00a0<strong>30.10.2019<\/strong><\/p>\n<p><strong>El Watan<\/strong>\u00a0&#8211;\u00a0<a href=\"https:\/\/www.elwatan.com\/edition\/culture\/institut-culturel-italien-litalien-sur-la-scene-dalger-24-10-2019\">Institut Culturel Italien : L\u2019Italien sur la sc\u00e8ne d\u2019Alger<\/a>\u00a0&#8211;\u00a0<strong>24.10.2019<\/strong><\/p>\n<p><strong>Reporters\u00a0<\/strong>&#8211;\u00a0<a href=\"https:\/\/www.reporters.dz\/2019\/10\/21\/celebration-de-la-semaine-de-la-langue-italienne-dans-le-monde-litalien-sur-la-scene-a-alger-des-demain\/\">C\u00e9l\u00e9bration de la semaine de la langue italienne dans le monde : \u00abL\u2019italien sur la sc\u00e8ne \u00bb \u00e0 Alger d\u00e8s demain<\/a>\u00a0&#8211;\u00a0<strong>21.10.2019<\/strong><\/p>\n<p><strong>Alg\u00e9rie 24<\/strong>\u00a0&#8211;\u00a0<a href=\"https:\/\/www.alg24.net\/semaine-de-langue-italienne-22-30-octobre-algerie\/\">Semaine de la langue italienne du 22 au 30 octobre en Alg\u00e9rie<\/a>\u00a0&#8211;\u00a0<strong>20.10.2019<\/strong><\/p>\n<p><strong>El Moudjahid<\/strong>\u00a0&#8211;\u00a0<a href=\"http:\/\/www.elmoudjahid.com\/fr\/actualites\/143583\">\u00ab Italiens : quand les \u00e9migr\u00e9s \u00e9taient nous \u00bb \u00e0 l\u2019Op\u00e9ra d\u2019Alger : L\u2019histoire de l\u2019\u00e9migration italienne en musique<\/a>\u00a0&#8211;\u00a0<strong>26.10.2019<\/strong><\/p>\n<p><strong>Reporters<\/strong>\u00a0&#8211;\u00a0<a href=\"https:\/\/www.reporters.dz\/2019\/10\/26\/spectacle-musical-italiens-quand-les-emigres-cetait-nous-un-hymne-a-la-solidarite-et-a-la-tolerance\/\">Spectacle musical \/ \u00abItaliens : quand les \u00e9migr\u00e9s c\u2019\u00e9tait nous\u00bb, un hymne \u00e0 la solidarit\u00e9 et \u00e0 la tol\u00e9rance<\/a>\u00a0&#8211;\u00a0<strong>26.10.2019<\/strong><\/p>\n<p><strong>Le Midi libre &#8211;\u00a0<a href=\"http:\/\/www.lemidi-dz.com\/index.php?operation=voir_article&amp;date_article=2019-09-24&amp;id_article=culture@art1@2019-09-24\">Journ\u00e9e des langues europ\u00e9ennes le 28 septembre<\/a>\u00a0&#8211; 24.09.2019<\/strong><\/p>\n<p><strong>L&#8217;Expression<\/strong>\u00a0&#8211;\u00a0<a href=\"http:\/\/www.lexpressiondz.com\/culture\/le-duo-italien-alterno-eblouit-alger-317256\">F\u00eate de la musique: Le duo italien \u00abAlterno\u00bb \u00e9blouit Alger<\/a>\u00a0&#8211;\u00a0<strong>23.06.2019<\/strong><\/p>\n<p><strong>El Moudjahid<\/strong>\u00a0&#8211;\u00a0<a href=\"http:\/\/www.elmoudjahid.com\/fr\/actualites\/138352\">F\u00eate de la musique : Le duo italien \u00ab Alterno \u00bb en concert \u00e0 Alger<\/a>\u00a0&#8211;\u00a0<strong>22.06.2019<\/strong><\/p>\n<p><strong>Le Courrier d&#8217;Alg\u00e9rie<\/strong>\u00a0&#8211;\u00a0<a href=\"http:\/\/lecourrier-dalgerie.com\/fete-de-la-musique-le-duo-italien-alterno-en-concert-a-alger\/\">F\u00eate de la musique : Le duo italien \u00abAlterno\u00bb en concert \u00e0 Alger<\/a>\u00a0&#8211;\u00a0<strong>22.06.2019<\/strong><\/p>\n<p><strong>APS<\/strong>\u00a0&#8211;\u00a0<a href=\"http:\/\/www.aps.dz\/culture\/90935-fete-de-la-musique-le-duo-italien-alterno-en-concert-a-alger\">F\u00eate de la musique: le duo italien &#8220;Alterno&#8221; en concert \u00e0 Alger<\/a>\u00a0&#8211;\u00a0<strong>21.06.2019<\/strong><\/p>\n<p><strong>Reporters<\/strong>\u00a0&#8211;\u00a0<a href=\"http:\/\/www.reporters.dz\/2019\/06\/20\/projection-du-documentaire-ferrante-fever-de-giacomo-durzi-a-lambassade-ditalie-le-phenomene-litteraire-elena-ferrante-en-debat\/\">Projection du documentaire \u00abFerrante Fever \u00bb de Giacomo Durzi \u00e0 l\u2019ambassade d\u2019Italie : Le \u00abph\u00e9nom\u00e8ne litt\u00e9raire\u00bb Elena Ferrante en d\u00e9bat<\/a>\u00a0<strong>20.06.2019<\/strong><\/p>\n<p><strong>Vinyculture &#8211;<\/strong>\u00a0<a href=\"https:\/\/www.vinyculture.com\/fete-de-la-musique-duo-soprano-pianiste-juin-alger\/\">F\u00eate de la musique : un duo soprano\/pianiste le 20 juin \u00e0 Alger<\/a>\u00a0&#8211;\u00a0<strong>17.06.2019<\/strong><\/p>\n<p><strong>L&#8217;Expression &#8211;<\/strong>\u00a0<a href=\"http:\/\/www.lexpressiondz.com\/culture\/une-riche-programmation-316831\">Semaine du cin\u00e9ma franco-italien : Une riche programmation<\/a>\u00a0&#8211;\u00a0<strong>12.06.2019<\/strong><\/p>\n<p><strong>LIBERTE &#8211;<\/strong>\u00a0\u00a0<a href=\"https:\/\/www.liberte-algerie.com\/culture\/breves-cinema-breves-cinema-317580\">\u2026BR\u00c8VES CIN\u00c9MA\u2026 \u2026BR\u00c8VES CIN\u00c9MA\u2026<\/a>\u00a0&#8211;\u00a0<strong>11.06.2019<\/strong><\/p>\n<p><strong>Le Midi &#8211;<\/strong>\u00a0<a href=\"http:\/\/www.lemidi-dz.com\/index.php?operation=voir_article&amp;id_article=culture@art1@2019-05-30\">Semaine du cin\u00e9ma franco-italien<\/a>\u00a0&#8211;\u00a0<strong>30.05.2019<\/strong><\/p>\n<p><strong>L&#8217;Expression<\/strong>\u00a0&#8211;\u00a0<a href=\"http:\/\/www.lexpressiondz.com\/culture\/315888-institut-culturel-italien.html\">\u00abLES JEUDIS DU CLUB\u00bb Institut culturel italien<\/a>\u00a0&#8211;\u00a0<strong>14.05.2019<\/strong><\/p>\n<p><strong>Le Temps<\/strong>\u00a0&#8211;\u00a0<a href=\"https:\/\/www.letemps-dz.com\/les-jeudis-du-club-de-linstitut-culturel-italien-cadavres-exquis-a-laffiche\/\">\u00abLes jeudis du club\u00bb de l\u2019Institut Culturel Italien.. \u00abCadavres Exquis\u00bb \u00e0 l\u2019affiche<\/a>\u00a0&#8211;\u00a0<strong>07.05.2019<\/strong><\/p>\n<p><strong>El Moudjahid<\/strong>\u00a0&#8211;\u00a0<a href=\"http:\/\/www.elmoudjahid.com\/fr\/actualites\/136398\">500e anniversaire de la mort de L\u00e9onard de Vinci : Le monologue Maturina Fantesca pr\u00e9sent\u00e9 \u00e0 Alger<\/a>\u00a0&#8211;\u00a0<strong>30.04.2019<\/strong><\/p>\n<p><strong>Le Temps<\/strong>\u00a0&#8211;\u00a0<a href=\"https:\/\/www.letemps-dz.com\/cinema-italien-hommage-aux-grandes-actrices\/\">Cin\u00e9ma italien.. Hommage aux grandes actrices<\/a>\u00a0&#8211;\u00a0<strong>30.03.2019<\/strong><\/p>\n<p><strong>Le Temps<\/strong>\u00a0&#8211;\u00a0<a href=\"https:\/\/www.letemps-dz.com\/musique-italienne-giovanni-caccamo-en-concert-a-alger\/\">Musique italienne.. Giovanni Caccamo en concert \u00e0 Alger<\/a>\u00a0&#8211;\u00a0<strong>29.03.2019<\/strong><\/p>\n<p><strong>Vinyculture<\/strong>\u00a0&#8211;\u00a0<a href=\"https:\/\/www.vinyculture.com\/lecture-divine-comedie-mars-alger\/\">Le Maestro Franco Ricordi donnera une lecture en italien de la \u00ab Divine com\u00e9die \u00bb et ce, le 4 mars prochain \u00e0 Alger<\/a>\u00a0&#8211;\u00a0<strong>02.03.2019<\/strong><\/p>\n<p><strong>Reporters<\/strong>\u00a0&#8211;\u00a0<a href=\"http:\/\/www.reporters.dz\/2019\/01\/26\/la-rencontre-dalger-djisr-el-djazair-aujourdhui-au-mama-un-acte-fondateur-pour-ameliorer-le-quotidien-des-algerois\/\">\u00abLa Rencontre d\u2019Alger, Djisr El-Djaza\u00efr \u00bb aujourd\u2019hui au Mama : Un \u00abacte fondateur\u00bb pour am\u00e9liorer le quotidien des Alg\u00e9rois<\/a>\u00a0&#8211;\u00a0<strong>26.01.2019<\/strong><\/p>\n","protected":false},"excerpt":{"rendered":"El Moudjahid\u00a0&#8211;\u00a0Ouverture de la \u00ab Semaine de la Cuisine Italienne dans le Monde \u00bb \u00e0 Alger : L\u2019art et le go\u00fbt au c\u0153ur jusqu\u2019au 24 novembre\u00a0&#8211;\u00a018.11.2019 &nbsp; Reporters\u00a0&#8211;\u00a04e Semaine de la cuisine italienne \u00e0 Alger, Oran et Annaba : La di\u00e8te m\u00e9diterran\u00e9enne \u00e0 l\u2019honneur d\u00e8s aujourd\u2019hui\u00a0&#8211;\u00a018.11.2019 LIBERTE\u00a0&#8211;\u00a0Semaine de la langue italienne \u00e0 Alger du 21 [&hellip;]","protected":false},"author":6,"featured_media":0,"parent":274,"menu_order":0,"comment_status":"closed","ping_status":"closed","template":"","meta":{"footnotes":""},"class_list":["post-287","page","type-page","status-publish","hentry"],"_links":{"self":[{"href":"https:\/\/iicalgeri.esteri.it\/it\/wp-json\/wp\/v2\/pages\/287","targetHints":{"allow":["GET"]}}],"collection":[{"href":"https:\/\/iicalgeri.esteri.it\/it\/wp-json\/wp\/v2\/pages"}],"about":[{"href":"https:\/\/iicalgeri.esteri.it\/it\/wp-json\/wp\/v2\/types\/page"}],"author":[{"embeddable":true,"href":"https:\/\/iicalgeri.esteri.it\/it\/wp-json\/wp\/v2\/users\/6"}],"replies":[{"embeddable":true,"href":"https:\/\/iicalgeri.esteri.it\/it\/wp-json\/wp\/v2\/comments?post=287"}],"version-history":[{"count":1,"href":"https:\/\/iicalgeri.esteri.it\/it\/wp-json\/wp\/v2\/pages\/287\/revisions"}],"predecessor-version":[{"id":288,"href":"https:\/\/iicalgeri.esteri.it\/it\/wp-json\/wp\/v2\/pages\/287\/revisions\/288"}],"up":[{"embeddable":true,"href":"https:\/\/iicalgeri.esteri.it\/it\/wp-json\/wp\/v2\/pages\/274"}],"wp:attachment":[{"href":"https:\/\/iicalgeri.esteri.it\/it\/wp-json\/wp\/v2\/media?parent=287"}],"curies":[{"name":"wp","href":"https:\/\/api.w.org\/{rel}","templated":true}]}}