{"id":285,"date":"2023-07-16T10:30:31","date_gmt":"2023-07-16T09:30:31","guid":{"rendered":"https:\/\/iicalgeri.esteri.it\/?page_id=285"},"modified":"2023-07-16T10:30:31","modified_gmt":"2023-07-16T09:30:31","slug":"2018-2","status":"publish","type":"page","link":"https:\/\/iicalgeri.esteri.it\/it\/chi-siamo\/la-sede\/sala-stampa\/2018-2\/","title":{"rendered":"2018"},"content":{"rendered":"<p><strong>LE SOIR D&#8217;ALGERIE<\/strong>\u00a0&#8211;\u00a0<a href=\"https:\/\/www.lesoirdalgerie.com\/culture\/claudio-burei-expose-aux-ateliers-sauvages-dalger-15040\">Claudio Burei expose aux Ateliers Sauvages d\u2019Alger<\/a>\u00a0&#8211;\u00a0<strong>02.12.2018\u00a0<\/strong><\/p>\n<p><strong>L&#8217;EXPRESSION<\/strong>\u00a0&#8211;\u00a0<a href=\"http:\/\/www.lexpressiondz.com\/culture\/304868-regard-transversal.html\">CLANDIO BUREI EXPOSE \u00abRIEN DE PERSONNEL\u00bb AUX ATELIERS SAUVAGES Regard transversal<\/a>\u00a0&#8211;\u00a0<strong>01.12.2018<\/strong><\/p>\n<p><strong>Alg\u00e9rie patriotique<\/strong>\u00a0&#8211;\u00a0<a href=\"https:\/\/www.algeriepatriotique.com\/2018\/11\/25\/nardi-partenaire-officiel-de-la-semaine-culinaire-italienne-dans-le-monde\/\">Nardi partenaire officiel de la semaine culinaire italienne dans le monde<\/a>\u00a0&#8211;\u00a0<strong>25.11.2018<\/strong><\/p>\n<p><strong>Reporters<\/strong>\u00a0&#8211;\u00a0<a href=\"https:\/\/iicalgeri.esteri.it\/iic_algeri\/%C2%ABSemaine%20de%20la%20cuisine%20italienne%20dans%20la%20monde%C2%BB%20:%20L%E2%80%99ancrage%20m%C3%A9diterran%C3%A9en%20de%20la%20gastronomie%20%C2%ABAldente%C2%BB%20c%C3%A9l%C3%A9br%C3%A9%20%C3%A0%20Alger\">http:\/\/www.reporters.dz\/culture\/item\/104219-semaine-de-la-cuisine-italienne-dans-la-monde-l-ancrage-mediterraneen-de-la-gastronomie-aldente-celebre-a-alger<\/a>\u00a0&#8211;\u00a0<strong>22.11.2018<\/strong><\/p>\n<p><strong>El Moudjahid<\/strong>\u00a0&#8211;\u00a0<a href=\"http:\/\/www.elmoudjahid.com\/fr\/actualites\/130846\">Gastronomie : La cuisine italienne s\u2019invite dans nos assiettes<\/a>\u00a0&#8211;\u00a0<strong>21.11.2018<\/strong><\/p>\n<p><strong>LIBERTE<\/strong>\u00a0&#8211;\u00a0<a href=\"https:\/\/www.algerie360.com\/semaine-de-la-cuisine-italienne-du-19-au-25-novembre-des-pizzaiolos-acrobates-italiens-feront-leur-show\/\">Semaine de la cuisine italienne du 19 au 25 novembre : Des pizzaiolos acrobates italiens feront leur show<\/a>\u00a0&#8211;\u00a0<strong>20.11.2018<\/strong><\/p>\n<p><strong>El Watan<\/strong>\u00a0&#8211;\u00a0\u00a0<a href=\"https:\/\/www.elwatan.com\/edition\/culture\/elle-se-deroulera-du-19-au-25-novembre-a-alger-semaine-de-la-cuisine-italienne-dans-le-monde-17-11-2018\">Elle se d\u00e9roulera du 19 au 25 novembre \u00e0 Alger : Semaine de la cuisine italienne dans le monde<\/a>\u00a0&#8211;\u00a0<strong>17.11.2018<\/strong><\/p>\n<p><strong>Dia-Alg\u00e9rie<\/strong>\u00a0&#8211;\u00a0<a href=\"http:\/\/dia-algerie.com\/3eme-semaine-de-cuisine-italienne-monde-19-25-novembre-a-alger\/\">3\u00e8me Semaine de la Cuisine Italienne dans le Monde du 19 au 25 Novembre \u00e0 Alger<\/a>\u00a0&#8211;\u00a0<strong>15.11.2018<\/strong><\/p>\n<p><strong>LIBERTE<\/strong>\u00a0&#8211;\u00a0<a href=\"https:\/\/www.liberte-algerie.com\/culture\/universalisme-et-humanisme-saint-augustin-et-lemir-abdelkader-303542\">\u201cUniversalisme et humanisme : saint Augustin et l\u2019\u00c9mir Abdelkader\u201d<\/a>\u00a0&#8211;\u00a0<strong>12.11.2018<\/strong><\/p>\n<p><strong>El Moudjahid<\/strong>\u00a0&#8211;\u00a0<a href=\"http:\/\/www.elmoudjahid.com\/fr\/actualites\/130524\">Dialogue des civilisations : L\u2019\u0153uvre de Saint Augustin et de l\u2019\u00e9mir Abdelkader revisit\u00e9e<\/a>\u00a0&#8211;\u00a0<strong>12.11.2018<\/strong><\/p>\n<p><strong>El Watan<\/strong>\u00a0&#8211;\u00a0<a href=\"https:\/\/www.elwatan.com\/edition\/culture\/rencontre-a-annaba-luniversalite-et-lhumanite-chez-saint-augustin-et-lemir-abdelkader-11-11-2018\">Rencontre \u00e0 Annaba : L\u2019Universalit\u00e9 et l\u2019humanit\u00e9 chez Saint Augustin et l\u2019Emir Abdelkader<\/a>\u00a0&#8211;\u00a0<strong>11.11.2018<\/strong><\/p>\n<p><strong>Le Soir d&#8217;Alg\u00e9rie<\/strong>\u00a0&#8211;\u00a0<a href=\"https:\/\/www.lesoirdalgerie.com\/culture\/arlequin-serviteur-de-deux-maitres-du-piccolo-teatro-de-milan-presente-a-alger-13295\">Arlequin, serviteur de deux ma\u00eetres du Piccolo Teatro de Milan pr\u00e9sent\u00e9 \u00e0 Alger<\/a>\u00a0&#8211;\u00a0<strong>28.10.2018<\/strong><\/p>\n<p><strong>El Moudjahid<\/strong>\u00a0&#8211;\u00a0<a href=\"http:\/\/www.elmoudjahid.com\/fr\/actualites\/129910\">\u00abArlecchino servitore di due pardroni\u00bb \u00e0 l\u2019Op\u00e9ra d\u2019Alger<\/a>\u00a0&#8211;\u00a0<strong>27.10.2018<\/strong><\/p>\n<p><strong>APS<\/strong>\u00a0&#8211;\u00a0<a href=\"http:\/\/www.aps.dz\/culture\/79834-arlequin-serviteur-de-deux-maitres-du-piccolo-teatro-de-milan-presente-a-alger\">&#8220;Arlequin, serviteur de deux ma\u00eetres&#8221; du Piccolo Teatro de Milan, pr\u00e9sent\u00e9 \u00e0 Alger<\/a>\u00a0&#8211;\u00a0<strong>26.10.2018<\/strong><\/p>\n<p><strong>L&#8217;Expression<\/strong>\u00a0&#8211;\u00a0<a href=\"http:\/\/www.lexpressiondz.com\/culture\/302560-presentation-de-arlecchino-servitore-di-due-padroni.html\">Pr\u00e9sentation de &#8220;Arlecchino servitore di due padroni&#8221;<\/a>\u00a0&#8211;\u00a0<strong>25.10.2018<\/strong><\/p>\n<p><strong>El Moudjahid<\/strong>\u00a0&#8211;\u00a0<a href=\"http:\/\/www.elmoudjahid.com\/fr\/actualites\/129777\">Conf\u00e9rence de presse sur le spectacle Arlequin, serviteur de deux ma\u00eetres : La commedia dell&#8217;arte \u00e0 l\u2019honneur<\/a>\u00a0&#8211;\u00a0<strong>23.10.2018<\/strong><\/p>\n<p><strong>Reporters<\/strong>\u00a0&#8211;\u00a0<a href=\"http:\/\/www.reporters.dz\/culture\/item\/102290-du-14-au-18-octobre-a-alger-et-blida-18e-semaine-de-la-langue-italienne\">Du 14 au 18 octobre \u00e0 Alger et Blida : 18e Semaine de la langue italienne<\/a>\u00a0&#8211;\u00a0<strong>11.10.2018<\/strong><\/p>\n<p><strong>Le soir d&#8217;Alg\u00e9rie<\/strong>\u00a0&#8211;\u00a0<a href=\"https:\/\/www.lesoirdalgerie.com\/culture\/riche-programme-en-algerie-12342\">18e SEMAINE DE LA LANGUE ITALIENNE DANS LE MONDE<\/a>\u00a0&#8211;\u00a0<strong>09.10.2018<\/strong><\/p>\n<p><strong>Reporters<\/strong>\u00a0&#8211;\u00a0<a href=\"http:\/\/www.reporters.dz\/culture\/item\/101993-exposition-fumetti-a-la-redecouverte-de-l-histoire-de-la-bd-populaire-italienne\">Exposition : \u00abFumetti\u00bb, \u00e0 la red\u00e9couverte de l\u2019histoire de la BD populaire italienne<\/a>\u00a0&#8211;\u00a0<strong>04.10.2018<\/strong><\/p>\n<p><strong>El Moudjahid<\/strong>\u00a0&#8211;\u00a0<a href=\"http:\/\/www.elmoudjahid.com\/fr\/actualites\/128821\">Musique symphonique avec \u00abConcert de cordes et d\u2019accords \u00bb : Quand Mozart r\u00e9pond \u00e0 Vivaldi<\/a>\u00a0&#8211;\u00a0<strong>29.09.2018<\/strong><\/p>\n<p><strong>LIBERTE\u00a0<\/strong>&#8211;\u00a0<a href=\"https:\/\/www.liberte-algerie.com\/culture\/le-trio-musical-mavena-a-laffiche-du-tr-doran-300543\">Le trio musical \u201cMavena\u201d \u00e0 l&#8217;affiche du TR d&#8217;Oran<\/a>\u00a0&#8211;\u00a0<strong>25.09.2018<\/strong><\/p>\n<p><strong>Radio Alg\u00e9rie<\/strong>\u00a0&#8211;\u00a0<a href=\"http:\/\/radioalgerie.dz\/news\/fr\/article\/20180530\/142899.html\">L\u2019Orchestre &#8220;Di Piazza Vittorio&#8221; enchante le public alg\u00e9rois<\/a>\u00a0&#8211;\u00a0<strong>29.05.2018<\/strong><\/p>\n<p><strong>Reporters<\/strong>\u00a0&#8211;\u00a0<a href=\"http:\/\/www.reporters.dz\/index.php\/culture\/item\/96675-belle-performance-aux-ateliers-sauvages-en-partenariat-avec-l-institut-italien-conversation-poetique-et-musicale-entre-elisa-biagini-samira-negrouche-et-salim-dada\">Conversation po\u00e9tique et musicale entre Elisa Biagini, Samira Negrouche et Salim Dada<\/a>\u00a0&#8211;\u00a0<strong>29.05.2018<\/strong><\/p>\n<p><strong>Reporters<\/strong>\u00a0&#8211;\u00a0<a href=\"http:\/\/www.reporters.dz\/index.php\/culture\/item\/96389-spectacle-l-orchestre-di-piazza-vittorio-en-concert-le-29-mai-a-ibn-khaldoun\">Spectacle : L\u2019orchestre Di Piazza Vittorio en concert le 29 mai \u00e0 Ibn Khaldoun<\/a>\u00a0&#8211;\u00a0<strong>22.05.2018<\/strong><\/p>\n<p><strong>Reporters<\/strong>\u00a0&#8211;\u00a0<a href=\"http:\/\/www.reporters.dz\/index.php\/culture\/item\/95392-9e-festival-international-de-danse-contemporaine-l-italie-invite-d-honneur-le-canada-et-la-hongrie-pour-la-premiere-fois\">9e Festival international de danse contemporaine : L\u2019Italie invit\u00e9 d\u2019honneur, le Canada et la Hongrie pour la premi\u00e8re fois<\/a>\u00a0&#8211;\u00a0<strong>26.04.2018<\/strong><\/p>\n<p><strong>L&#8217;Expression<\/strong>\u00a0&#8211;\u00a0<a href=\"http:\/\/www.lexpressiondz.com\/culture\/288435-eugenio-bennato-anime-un-concert-a-alger.html\">L&#8217;ITALIE \u00c0 EL MOUGGAR &#8211; Eugenio Bennato anime un concert \u00e0 Alger<\/a>\u00a0&#8211;\u00a0<strong>15.03.2018<\/strong><\/p>\n<p><strong>APS<\/strong>\u00a0&#8211;\u00a0<a href=\"http:\/\/www.aps.dz\/fr\/culture\/71108-l-artiste-italien-eugenio-bennato-anime-un-concert-a-alger\">L&#8217;artiste italien Eugenio Bennato anime un concert \u00e0 Alger<\/a>\u00a0&#8211;\u00a0<strong>14.03.2018<\/strong><\/p>\n<p><strong>APS<\/strong>\u00a0&#8211;\u00a0<a href=\"http:\/\/www.aps.dz\/culture\/70952-designers-algeriens-et-italiens-exposent-au-mama\">Designers alg\u00e9riens et italiens exposent au MaMa<\/a>\u00a0&#8211;\u00a0<strong>11.03.2018<\/strong><\/p>\n<p><strong>El Moudjahid<\/strong>\u00a0&#8211;\u00a0<a href=\"http:\/\/www.elmoudjahid.com\/fr\/actualites\/121112\">Exposition alg\u00e9ro-italienne \u00ab Design et durabilit\u00e9 \u00bb : design et environnement<\/a>\u00a0&#8211;\u00a0<strong>11.03.2018<\/strong><\/p>\n<p><strong>Le Courrier d&#8217;Alg\u00e9rie<\/strong>\u00a0&#8211;\u00a0<a href=\"http:\/\/lecourrier-dalgerie.com\/mama-designers-algerien-et-italien-exposent\/\">MaMa : Designers alg\u00e9rien et italien exposent<\/a>\u00a0&#8211;\u00a0<strong>08.03.2018<\/strong><\/p>\n<p><strong>L&#8217;Expression<\/strong>\u00a0&#8211;\u00a0<a href=\"http:\/\/www.lexpressiondz.com\/culture\/287952-60-oeuvres-seront-exposees-au-mama.html\">2E \u00c9DITION \u00abJOURN\u00c9E DU DESIGN ITALIEN DANS LE MONDE\u00bb<\/a>\u00a0&#8211;\u00a0<strong>08.03.2018<\/strong><\/p>\n<p><strong>El Moudjahid<\/strong>\u00a0&#8211;\u00a0<a href=\"http:\/\/www.elmoudjahid.com\/fr\/actualites\/120651\">Partenariat Alg\u00e9ro-italien : Lancement d\u2019une \u00e9tude topographique des vestiges historiques<\/a>\u00a0&#8211;\u00a0<strong>28.02.2018<\/strong><\/p>\n<p><strong>Casbah Tribune<\/strong>\u00a0&#8211;\u00a0<a href=\"http:\/\/casbah-tribune.com\/cooperation-culturelle-algero-italienne-journees-detudes-patrimoine-26-fevrier-a-alger\/\">Coop\u00e9ration culturelle alg\u00e9ro-italienne : journ\u00e9es d\u2019\u00e9tudes sur le patrimoine le 26 f\u00e9vrier \u00e0 Alger<\/a>\u00a0&#8211;\u00a0<strong>22.02.2018<\/strong><\/p>\n<p><strong>Reporters<\/strong>&#8211;\u00a0<a href=\"http:\/\/reporters.dz\/index.php\/culture\/item\/92663-patrimoine-et-valorisation-le-26-fevrier-prochain-au-palais-de-la-culture-focus-sur-pres-d-un-demi-siecle-et-nouvelles-pistes-de-la-cooperation-algero-italienne\">\u00abPatrimoine et valorisation\u00bb le 26 f\u00e9vrier prochain au palais de la culture : Focus sur pr\u00e8s d\u2019un demi-si\u00e8cle et nouvelles pistes de la coop\u00e9ration alg\u00e9ro-italienne<\/a>\u00a0&#8211;\u00a0<strong>21.02.2018<\/strong><\/p>\n<p><strong>ANSAMed<\/strong>\u00a0&#8211;\u00a0<a href=\"http:\/\/www.ansamed.info\/ansamed\/it\/notizie\/stati\/algeria\/2018\/02\/20\/culturagiornata-degli-studi-del-patrimonio-algeria-italia_edbd7a21-917a-4933-a4e2-30a2b8f925db.html\">Cultura:&#8217;Giornata degli studi del patrimonio&#8217; Algeria-Italia &#8211; Il 26 febbraio per &#8216;consolidare dialogo sponde Mediterraneo&#8217;<\/a>\u00a0&#8211;\u00a0<strong>20.02.2018<\/strong><\/p>\n<p><strong>L&#8217;Expression<\/strong>\u00a0&#8211;\u00a0<a href=\"http:\/\/www.lexpressiondz.com\/culture\/284480-l-espagne-et-l-italie-en-cloture.html\">6E FESTIVAL DES MUSIQUES DU XXE SI\u00c8CLE &#8211; L&#8217;Espagne et l&#8217;Italie en cl\u00f4ture<\/a>\u00a0&#8211;\u00a0<strong>22.01.2018<\/strong><\/p>\n<p><strong>El Moudjahid<\/strong>\u00a0&#8211;\u00a0<a href=\"http:\/\/www.elmoudjahid.com\/fr\/actualites\/119128\">Cl\u00f4ture de la 6e \u00e9dition du festival des musiques du XXe si\u00e8cle \u00e0 l\u2019Op\u00e9ra d\u2019Alger : L\u2019Espagne et l\u2019Italie \u00e0 l\u2019honneur<\/a>\u00a0&#8211;<strong>21.01.2018<\/strong><\/p>\n<p><strong>Reporters<\/strong>\u00a0&#8211;\u00a0<a href=\"http:\/\/www.reporters.dz\/index.php\/culture\/item\/91174-cloture-du-6e-festival-des-musiques-du-xxe-siecle-a-alger-mohamed-iguerbouchen-a-l-affiche-de-l-edition-2019\">Cl\u00f4ture du 6e Festival des musiques du XXe si\u00e8cle \u00e0 Alger<\/a>\u00a0&#8211;\u00a0<strong>21.01.2018<\/strong><\/p>\n<p><strong>L&#8217;Expression<\/strong>\u00a0&#8211;\u00a0<a href=\"http:\/\/www.lexpressiondz.com\/article\/0\/0-0-0\/284345.html\">Les lundis du club<\/a>\u00a0&#8211;\u00a0<strong>20.01.2018<\/strong><\/p>\n<p><strong>Le Soir d&#8217;Alg\u00e9rie &#8211;<\/strong>\u00a0<a href=\"http:\/\/www.lesoirdalgerie.com\/articles\/2018\/01\/17\/article.php?sid=652&amp;cid=16\">IVe \u00c9DITION DU FESTIVAL DES MUSIQUES DU XXe SI\u00c8CLE<\/a>\u00a0&#8211;\u00a0<strong>17.01.2018<\/strong><\/p>\n<p><strong>El Watan<\/strong>\u00a0&#8211;\u00a0<a href=\"https:\/\/www.elwatan.com\/edition\/actualite\/lalgerie-a-un-role-stabilisateur-dans-la-region-13-01-2018\">L\u2019Alg\u00e9rie a un r\u00f4le stabilisateur dans la r\u00e9gion<\/a>\u00a0<strong>&#8211; 13.01.2018<\/strong><\/p>\n","protected":false},"excerpt":{"rendered":"LE SOIR D&#8217;ALGERIE\u00a0&#8211;\u00a0Claudio Burei expose aux Ateliers Sauvages d\u2019Alger\u00a0&#8211;\u00a002.12.2018\u00a0 L&#8217;EXPRESSION\u00a0&#8211;\u00a0CLANDIO BUREI EXPOSE \u00abRIEN DE PERSONNEL\u00bb AUX ATELIERS SAUVAGES Regard transversal\u00a0&#8211;\u00a001.12.2018 Alg\u00e9rie patriotique\u00a0&#8211;\u00a0Nardi partenaire officiel de la semaine culinaire italienne dans le monde\u00a0&#8211;\u00a025.11.2018 Reporters\u00a0&#8211;\u00a0http:\/\/www.reporters.dz\/culture\/item\/104219-semaine-de-la-cuisine-italienne-dans-la-monde-l-ancrage-mediterraneen-de-la-gastronomie-aldente-celebre-a-alger\u00a0&#8211;\u00a022.11.2018 El Moudjahid\u00a0&#8211;\u00a0Gastronomie : La cuisine italienne s\u2019invite dans nos assiettes\u00a0&#8211;\u00a021.11.2018 LIBERTE\u00a0&#8211;\u00a0Semaine de la cuisine italienne du 19 au 25 novembre : Des [&hellip;]","protected":false},"author":6,"featured_media":0,"parent":274,"menu_order":0,"comment_status":"closed","ping_status":"closed","template":"","meta":{"footnotes":""},"class_list":["post-285","page","type-page","status-publish","hentry"],"_links":{"self":[{"href":"https:\/\/iicalgeri.esteri.it\/it\/wp-json\/wp\/v2\/pages\/285","targetHints":{"allow":["GET"]}}],"collection":[{"href":"https:\/\/iicalgeri.esteri.it\/it\/wp-json\/wp\/v2\/pages"}],"about":[{"href":"https:\/\/iicalgeri.esteri.it\/it\/wp-json\/wp\/v2\/types\/page"}],"author":[{"embeddable":true,"href":"https:\/\/iicalgeri.esteri.it\/it\/wp-json\/wp\/v2\/users\/6"}],"replies":[{"embeddable":true,"href":"https:\/\/iicalgeri.esteri.it\/it\/wp-json\/wp\/v2\/comments?post=285"}],"version-history":[{"count":1,"href":"https:\/\/iicalgeri.esteri.it\/it\/wp-json\/wp\/v2\/pages\/285\/revisions"}],"predecessor-version":[{"id":286,"href":"https:\/\/iicalgeri.esteri.it\/it\/wp-json\/wp\/v2\/pages\/285\/revisions\/286"}],"up":[{"embeddable":true,"href":"https:\/\/iicalgeri.esteri.it\/it\/wp-json\/wp\/v2\/pages\/274"}],"wp:attachment":[{"href":"https:\/\/iicalgeri.esteri.it\/it\/wp-json\/wp\/v2\/media?parent=285"}],"curies":[{"name":"wp","href":"https:\/\/api.w.org\/{rel}","templated":true}]}}