{"id":25,"date":"2023-04-03T20:33:35","date_gmt":"2023-04-03T18:33:35","guid":{"rendered":"https:\/\/istitutobuenosaires.esteri.it\/?page_id=25"},"modified":"2023-04-03T20:33:43","modified_gmt":"2023-04-03T18:33:43","slug":"dall_istituto","status":"publish","type":"page","link":"https:\/\/iicalgeri.esteri.it\/it\/news\/dall_istituto\/","title":{"rendered":"Dall&#8217;Istituto"},"content":{"rendered":"        <div class=\"row\">\n\t\t\t<!-- Ricerca sedi post -->\n\t\t\t<div class=\"col-12 mt-4\">\n\t\t\t  <div class=\"callout callout-highlight note ricerca-esteri p-4\">\n                    <div class=\"callout-title\">\n                        <svg class=\"icon\">\n                            <use xlink:href=\"https:\/\/iicalgeri.esteri.it\/wp-content\/themes\/sedi-tema\/assets\/svg\/sprites.svg#it-search\"><\/use>\n                        <\/svg>Inserisci i parametri di ricerca                    <\/div>\n                    <form id=\"searchFormPost\" name=\"form-search-post\" class=\"form-row align-items-center\" action=\"https:\/\/iicalgeri.esteri.it\/it\/wp-json\/wp\/v2\/pages\/25\/\" method=\"GET\"> \n                        <!-- <div class=\"form-group pt-5\"> -->\n                            <!-- <input type=\"hidden\" id=\"lang\" name=\"lang\" value=\"\"> --> <!-- <\/div> -->\n\n                        <div class=\"it-datepicker-wrapper\">\n                            <div class=\"row\">\n                                <div class=\"form-group col-md-6\">\n                                    <label class=\"active\" for=\"date-init\">Dal<\/label>\n                                    <input class=\"form-control\" name=\"date-init\" id=\"date-init\" type=\"date\" placeholder=\"gg\/mm\/aaaa\" value=\"\"lang=\"en-EN\">  \n                                <\/div>\n                                <div class=\"form-group col-md-6\">\n                                    <label class=\"active\" for=\"date-end\">Al<\/label>\n                                    <input class=\"form-control\" name=\"date-end\" id=\"date-end\" type=\"date\" placeholder=\"gg\/mm\/aaaa\" value=\"\">\n                                <\/div>\n                            <\/div>\n                        <\/div>\n                        <div class=\"form-group col-md-12 mt-3\">\n                            <label for=\"searchText\">Campo ricerca libera<\/label>\n                            <input type=\"text\" name=\"searchText\" class=\"form-control\" id=\"searchText\" value=\"\">\n                        <\/div>\n                        <div class=\"form-group col-md-4 offset-md-8 text-end\">\n                            <a href=\"https:\/\/iicalgeri.esteri.it\/it\/news\/dall_istituto\/\" title=\"Form reset\" id=\"resetImput\" class=\"btn btn-outline-primary btn-xs\">Reset<\/a>\n                            <button type=\"submit\" class=\"btn btn-primary btn-xs\">Mostra risultati<\/button>\n                        <\/div>\n                    <\/form>\n\t\t\t\t<\/div>\n\t\t\t<\/div>\n\t\t<\/div>\n                    \n            <div class=\"row\">\n                            <div class=\"col-12 mt-3\">\n                <!--start card-->\n                <div class=\"card-wrapper card-space\">\n                    <div class=\"card card-bg card-big border-bottom-card\">\n                        <div class=\"card-body \">\n                                                        <div class=\"category-top\">\n                                                                                                            <span class=\"\">\n                                        <svg class=\"icon icon-secondary\">\n                                            <use xlink:href=\"https:\/\/iicalgeri.esteri.it\/wp-content\/themes\/sedi-tema\/assets\/svg\/sprites.svg#it-calendar\"><\/use>\n                                        <\/svg> 16 Aprile 2026                                    <\/span>\n                                                                    <\/div>\n                            <h5 class=\"card-title big-heading text-uppercase\"><a class=\"text-body text-decoration-none\" href=\"https:\/\/iicalgeri.esteri.it\/it\/news\/dall_istituto\/2026\/04\/apertura-iscrizioni-celi-esame-9-giugno\/\" title=\"Apertura iscrizioni CELI \u2013 esame 9 giugno\">Apertura iscrizioni CELI \u2013 esame 9 giugno<\/a><\/h5>\n                            <p class=\"card-text\">L\u2019Istituto Italiano di Cultura di Algeri \u00e8 lieto di informare che sono aperte le iscrizioni per la prossima sessione CELI, prevista per il giorno 9 giugno 2026, per i seguenti livelli: A2 (CELI 1), B1 (CELI 2), B2 (CELI 3), C1 (CELI 4), C2 (CELI 5), Le iscrizioni si chiuderanno il 5 maggio 2026 alle [&hellip;]<\/p>\n                                <a title=\"Apertura iscrizioni CELI \u2013 esame 9 giugno\" class=\"read-more\" href=\"https:\/\/iicalgeri.esteri.it\/it\/news\/dall_istituto\/2026\/04\/apertura-iscrizioni-celi-esame-9-giugno\/\">\n                                    <span class=\"text\">Leggi di pi\u00f9<\/span>\n                                    <svg class=\"icon\">\n                                    <use xlink:href=\"https:\/\/iicalgeri.esteri.it\/wp-content\/themes\/sedi-tema\/assets\/svg\/sprites.svg#it-arrow-right\"><\/use>\n                                    <\/svg>\n                                <\/a>\n                                                    <\/div>\n                    <\/div>\n                <\/div>\n                <!--end card-->\n                <\/div><!-- col-12 .mt-3-->\n                            <div class=\"col-12 mt-3\">\n                <!--start card-->\n                <div class=\"card-wrapper card-space\">\n                    <div class=\"card card-bg card-big border-bottom-card\">\n                        <div class=\"card-body \">\n                                                        <div class=\"category-top\">\n                                                                                                            <span class=\"\">\n                                        <svg class=\"icon icon-secondary\">\n                                            <use xlink:href=\"https:\/\/iicalgeri.esteri.it\/wp-content\/themes\/sedi-tema\/assets\/svg\/sprites.svg#it-calendar\"><\/use>\n                                        <\/svg> 14 Aprile 2026                                    <\/span>\n                                                                    <\/div>\n                            <h5 class=\"card-title big-heading text-uppercase\"><a class=\"text-body text-decoration-none\" href=\"https:\/\/iicalgeri.esteri.it\/it\/news\/dall_istituto\/2026\/04\/opportunita-per-studenti-mena-honor-program-amc-2026-luiss\/\" title=\"Opportunit\u00e0 per studenti MENA &#8211; Honor Program AMC 2026 &#8211; LUISS\">Opportunit\u00e0 per studenti MENA &#8211; Honor Program AMC 2026 &#8211; LUISS<\/a><\/h5>\n                            <p class=\"card-text\">L&#8217;Istituto Italiano di Cultura di Algeri \u00e8 lieto di annunciare il progetto Arab-Mediterranean Campus (AMC), un\u2019iniziativa accademica promossa dalla Luiss Universit\u00e0 di Roma, in collaborazione con altre 11 universit\u00e0 italiane e numerosi atenei dell\u2019area Medio Oriente e Nord Africa (MENA). Il progetto, finanziato dal Ministero dell\u2019Istruzione italiano, ha l\u2019obiettivo di rafforzare i legami tra il [&hellip;]<\/p>\n                                <a title=\"Opportunit\u00e0 per studenti MENA &#8211; Honor Program AMC 2026 &#8211; LUISS\" class=\"read-more\" href=\"https:\/\/iicalgeri.esteri.it\/it\/news\/dall_istituto\/2026\/04\/opportunita-per-studenti-mena-honor-program-amc-2026-luiss\/\">\n                                    <span class=\"text\">Leggi di pi\u00f9<\/span>\n                                    <svg class=\"icon\">\n                                    <use xlink:href=\"https:\/\/iicalgeri.esteri.it\/wp-content\/themes\/sedi-tema\/assets\/svg\/sprites.svg#it-arrow-right\"><\/use>\n                                    <\/svg>\n                                <\/a>\n                                                    <\/div>\n                    <\/div>\n                <\/div>\n                <!--end card-->\n                <\/div><!-- col-12 .mt-3-->\n                            <div class=\"col-12 mt-3\">\n                <!--start card-->\n                <div class=\"card-wrapper card-space\">\n                    <div class=\"card card-bg card-big border-bottom-card\">\n                        <div class=\"card-body \">\n                                                        <div class=\"category-top\">\n                                                                                                            <span class=\"\">\n                                        <svg class=\"icon icon-secondary\">\n                                            <use xlink:href=\"https:\/\/iicalgeri.esteri.it\/wp-content\/themes\/sedi-tema\/assets\/svg\/sprites.svg#it-calendar\"><\/use>\n                                        <\/svg> 8 Aprile 2026                                    <\/span>\n                                                                    <\/div>\n                            <h5 class=\"card-title big-heading text-uppercase\"><a class=\"text-body text-decoration-none\" href=\"https:\/\/iicalgeri.esteri.it\/it\/news\/dall_istituto\/2026\/04\/apertura-iscrizioni-esame-cils-16-giugno\/\" title=\"Apertura iscrizioni esame CILS \u2013 16 giugno\">Apertura iscrizioni esame CILS \u2013 16 giugno<\/a><\/h5>\n                            <p class=\"card-text\">L\u2019Istituto Italiano di Cultura di Algeri \u00e9 lieto di comunicare l\u2019apertura delle iscrizioni all\u2019esame CILS\u00a0per la sessione del\u00a016 giugno 2026, per i seguenti livelli: A2 Standard A2 Bambini A2 Adolescenti B1 Adolescenti B1 Standard B2 B2 Adolescenti C1 C2 COME ISCRIVERSI Le iscrizioni si possono effettuare secondo le seguenti modalit\u00e0: di persona presso l&#8217;Istituto Italiano [&hellip;]<\/p>\n                                <a title=\"Apertura iscrizioni esame CILS \u2013 16 giugno\" class=\"read-more\" href=\"https:\/\/iicalgeri.esteri.it\/it\/news\/dall_istituto\/2026\/04\/apertura-iscrizioni-esame-cils-16-giugno\/\">\n                                    <span class=\"text\">Leggi di pi\u00f9<\/span>\n                                    <svg class=\"icon\">\n                                    <use xlink:href=\"https:\/\/iicalgeri.esteri.it\/wp-content\/themes\/sedi-tema\/assets\/svg\/sprites.svg#it-arrow-right\"><\/use>\n                                    <\/svg>\n                                <\/a>\n                                                    <\/div>\n                    <\/div>\n                <\/div>\n                <!--end card-->\n                <\/div><!-- col-12 .mt-3-->\n                            <div class=\"col-12 mt-3\">\n                <!--start card-->\n                <div class=\"card-wrapper card-space\">\n                    <div class=\"card card-bg card-big border-bottom-card\">\n                        <div class=\"card-body \">\n                                                        <div class=\"category-top\">\n                                                                                                            <span class=\"\">\n                                        <svg class=\"icon icon-secondary\">\n                                            <use xlink:href=\"https:\/\/iicalgeri.esteri.it\/wp-content\/themes\/sedi-tema\/assets\/svg\/sprites.svg#it-calendar\"><\/use>\n                                        <\/svg> 7 Aprile 2026                                    <\/span>\n                                                                    <\/div>\n                            <h5 class=\"card-title big-heading text-uppercase\"><a class=\"text-body text-decoration-none\" href=\"https:\/\/iicalgeri.esteri.it\/it\/news\/dall_istituto\/2026\/04\/opportunita-residenza-per-traduttori-dalla-lingua-italiana\/\" title=\"Opportunit\u00e0 &#8211; Residenza per traduttori dalla lingua italiana\">Opportunit\u00e0 &#8211; Residenza per traduttori dalla lingua italiana<\/a><\/h5>\n                            <p class=\"card-text\">L\u2019Istituto Italiano di Cultura di Algeri \u00e8 lieto di diffondere un\u2019importante opportunit\u00e0 rivolta ai traduttori; la Venice International University, in collaborazione con il Centro per il Libro e la Lettura, istituto autonomo del Ministero della Cultura italiano, organizza una \u201cResidenza per traduttori dalla lingua italiana\u201d, che si terr\u00e0 a Venezia, presso il campus di San [&hellip;]<\/p>\n                                <a title=\"Opportunit\u00e0 &#8211; Residenza per traduttori dalla lingua italiana\" class=\"read-more\" href=\"https:\/\/iicalgeri.esteri.it\/it\/news\/dall_istituto\/2026\/04\/opportunita-residenza-per-traduttori-dalla-lingua-italiana\/\">\n                                    <span class=\"text\">Leggi di pi\u00f9<\/span>\n                                    <svg class=\"icon\">\n                                    <use xlink:href=\"https:\/\/iicalgeri.esteri.it\/wp-content\/themes\/sedi-tema\/assets\/svg\/sprites.svg#it-arrow-right\"><\/use>\n                                    <\/svg>\n                                <\/a>\n                                                    <\/div>\n                    <\/div>\n                <\/div>\n                <!--end card-->\n                <\/div><!-- col-12 .mt-3-->\n                            <div class=\"col-12 mt-3\">\n                <!--start card-->\n                <div class=\"card-wrapper card-space\">\n                    <div class=\"card card-bg card-big border-bottom-card\">\n                        <div class=\"card-body \">\n                                                        <div class=\"category-top\">\n                                                                                                            <span class=\"\">\n                                        <svg class=\"icon icon-secondary\">\n                                            <use xlink:href=\"https:\/\/iicalgeri.esteri.it\/wp-content\/themes\/sedi-tema\/assets\/svg\/sprites.svg#it-calendar\"><\/use>\n                                        <\/svg> 1 Aprile 2026                                    <\/span>\n                                                                    <\/div>\n                            <h5 class=\"card-title big-heading text-uppercase\"><a class=\"text-body text-decoration-none\" href=\"https:\/\/iicalgeri.esteri.it\/it\/news\/dall_istituto\/2026\/04\/opportunita-universita-di-verona\/\" title=\"Opportunit\u00e0 &#8211; Universit\u00e0 di Verona\">Opportunit\u00e0 &#8211; Universit\u00e0 di Verona<\/a><\/h5>\n                            <p class=\"card-text\">L&#8217;Istituto Italiano di Cultura di Algeri \u00e9 lieto di segnalare il bando pubblicato dall\u2019Universit\u00e0 di Verona con le Universit\u00e0 di Bamberg, Bordeaux e Porto per il MSc in International Economics and Business Administration. La scadenza \u00e8 fissata al 12 aprile 2026. Tutte le informazioni sono reperibili al seguente link: Uni Candidate. Si precisa che, in [&hellip;]<\/p>\n                                <a title=\"Opportunit\u00e0 &#8211; Universit\u00e0 di Verona\" class=\"read-more\" href=\"https:\/\/iicalgeri.esteri.it\/it\/news\/dall_istituto\/2026\/04\/opportunita-universita-di-verona\/\">\n                                    <span class=\"text\">Leggi di pi\u00f9<\/span>\n                                    <svg class=\"icon\">\n                                    <use xlink:href=\"https:\/\/iicalgeri.esteri.it\/wp-content\/themes\/sedi-tema\/assets\/svg\/sprites.svg#it-arrow-right\"><\/use>\n                                    <\/svg>\n                                <\/a>\n                                                    <\/div>\n                    <\/div>\n                <\/div>\n                <!--end card-->\n                <\/div><!-- col-12 .mt-3-->\n                            <div class=\"col-12 mt-3\">\n                <!--start card-->\n                <div class=\"card-wrapper card-space\">\n                    <div class=\"card card-bg card-big border-bottom-card\">\n                        <div class=\"card-body \">\n                                                        <div class=\"category-top\">\n                                                                                                            <span class=\"\">\n                                        <svg class=\"icon icon-secondary\">\n                                            <use xlink:href=\"https:\/\/iicalgeri.esteri.it\/wp-content\/themes\/sedi-tema\/assets\/svg\/sprites.svg#it-calendar\"><\/use>\n                                        <\/svg> 23 Marzo 2026                                    <\/span>\n                                                                    <\/div>\n                            <h5 class=\"card-title big-heading text-uppercase\"><a class=\"text-body text-decoration-none\" href=\"https:\/\/iicalgeri.esteri.it\/it\/news\/dall_istituto\/2026\/03\/opportunita-borse-di-studio-universita-di-chieti-pescara\/\" title=\"Opportunit\u00e0 &#8211; Borse di studio Universit\u00e0 di Chieti &#8211; Pescara\">Opportunit\u00e0 &#8211; Borse di studio Universit\u00e0 di Chieti &#8211; Pescara<\/a><\/h5>\n                            <p class=\"card-text\">L&#8217;Istituto Italiano di Cultura di Algeri ha il piacere di segnalare un\u2019iniziativa promossa dall\u2019Universit\u00e0 \u201cG. d\u2019Annunzio\u201d di Chieti-Pescara, con l&#8217;offerta di 15 borse di studio rivolte specificamente a studenti internazionali. Il bando \u00e8 reperibile al seguente link: https:\/\/www.unich.it\/international\/international-students\/call-application. L\u2019offerta \u00e8 presente\u00a0 anche sulla pagina dedicata del sito del Ministero: Borse di Studio offerte dalle Universit\u00e0 [&hellip;]<\/p>\n                                <a title=\"Opportunit\u00e0 &#8211; Borse di studio Universit\u00e0 di Chieti &#8211; Pescara\" class=\"read-more\" href=\"https:\/\/iicalgeri.esteri.it\/it\/news\/dall_istituto\/2026\/03\/opportunita-borse-di-studio-universita-di-chieti-pescara\/\">\n                                    <span class=\"text\">Leggi di pi\u00f9<\/span>\n                                    <svg class=\"icon\">\n                                    <use xlink:href=\"https:\/\/iicalgeri.esteri.it\/wp-content\/themes\/sedi-tema\/assets\/svg\/sprites.svg#it-arrow-right\"><\/use>\n                                    <\/svg>\n                                <\/a>\n                                                    <\/div>\n                    <\/div>\n                <\/div>\n                <!--end card-->\n                <\/div><!-- col-12 .mt-3-->\n                            <div class=\"col-12 mt-3\">\n                <!--start card-->\n                <div class=\"card-wrapper card-space\">\n                    <div class=\"card card-bg card-big border-bottom-card\">\n                        <div class=\"card-body \">\n                                                        <div class=\"category-top\">\n                                                                                                            <span class=\"\">\n                                        <svg class=\"icon icon-secondary\">\n                                            <use xlink:href=\"https:\/\/iicalgeri.esteri.it\/wp-content\/themes\/sedi-tema\/assets\/svg\/sprites.svg#it-calendar\"><\/use>\n                                        <\/svg> 15 Marzo 2026                                    <\/span>\n                                                                    <\/div>\n                            <h5 class=\"card-title big-heading text-uppercase\"><a class=\"text-body text-decoration-none\" href=\"https:\/\/iicalgeri.esteri.it\/it\/news\/dall_istituto\/2026\/03\/borse-di-studio-offerte-dal-governo-italiano-a-studenti-stranieri-e-italiani-residenti-allestero-ire\/\" title=\"Borse di studio offerte dal Governo italiano a studenti stranieri e italiani residenti all\u2019estero (IRE)\">Borse di studio offerte dal Governo italiano a studenti stranieri e italiani residenti all\u2019estero (IRE)<\/a><\/h5>\n                            <p class=\"card-text\">L&#8217;Istituto Italiano di Cultura di Algeri \u00e9 lieto di annunciare la pubblicazione del Bando per le borse di studio offerte dal Ministero degli Affari Esteri e della Cooperazione Internazionale (MAECI)\u00a0in favore di\u00a0studenti stranieri e Italiani Residenti all\u2019Estero (IRE)\u00a0per\u00a0l\u2019anno accademico 2026-2027, con l\u2019obiettivo di favorire la cooperazione in campo culturale, scientifico e tecnologico, la proiezione del [&hellip;]<\/p>\n                                <a title=\"Borse di studio offerte dal Governo italiano a studenti stranieri e italiani residenti all\u2019estero (IRE)\" class=\"read-more\" href=\"https:\/\/iicalgeri.esteri.it\/it\/news\/dall_istituto\/2026\/03\/borse-di-studio-offerte-dal-governo-italiano-a-studenti-stranieri-e-italiani-residenti-allestero-ire\/\">\n                                    <span class=\"text\">Leggi di pi\u00f9<\/span>\n                                    <svg class=\"icon\">\n                                    <use xlink:href=\"https:\/\/iicalgeri.esteri.it\/wp-content\/themes\/sedi-tema\/assets\/svg\/sprites.svg#it-arrow-right\"><\/use>\n                                    <\/svg>\n                                <\/a>\n                                                    <\/div>\n                    <\/div>\n                <\/div>\n                <!--end card-->\n                <\/div><!-- col-12 .mt-3-->\n                            <div class=\"col-12 mt-3\">\n                <!--start card-->\n                <div class=\"card-wrapper card-space\">\n                    <div class=\"card card-bg card-big border-bottom-card\">\n                        <div class=\"card-body \">\n                                                        <div class=\"category-top\">\n                                                                                                            <span class=\"\">\n                                        <svg class=\"icon icon-secondary\">\n                                            <use xlink:href=\"https:\/\/iicalgeri.esteri.it\/wp-content\/themes\/sedi-tema\/assets\/svg\/sprites.svg#it-calendar\"><\/use>\n                                        <\/svg> 8 Marzo 2026                                    <\/span>\n                                                                    <\/div>\n                            <h5 class=\"card-title big-heading text-uppercase\"><a class=\"text-body text-decoration-none\" href=\"https:\/\/iicalgeri.esteri.it\/it\/news\/dall_istituto\/2026\/03\/contributi-e-premi-alla-traduzione-di-opere-letterarie-e-scientifiche-2\/\" title=\"Contributi e premi alla traduzione di opere letterarie e scientifiche\">Contributi e premi alla traduzione di opere letterarie e scientifiche<\/a><\/h5>\n                            <p class=\"card-text\">L\u2019Istituto Italiano di Cultura ha il piacere di annunciare la pubblicazione del \u201cBando\u00a0per la richiesta di premi e contributi alle\u00a0traduzioni di opere letterarie e scientifiche\u00a0(anche su supporto digitale) e alla\u00a0produzione, doppiaggio o sottotitolatura in lingua straniera di cortometraggi, lungometraggi e serie televisive\u201d &#8211; disponibile in italiano e in inglese. Le domande devono essere presentate tramite [&hellip;]<\/p>\n                                <a title=\"Contributi e premi alla traduzione di opere letterarie e scientifiche\" class=\"read-more\" href=\"https:\/\/iicalgeri.esteri.it\/it\/news\/dall_istituto\/2026\/03\/contributi-e-premi-alla-traduzione-di-opere-letterarie-e-scientifiche-2\/\">\n                                    <span class=\"text\">Leggi di pi\u00f9<\/span>\n                                    <svg class=\"icon\">\n                                    <use xlink:href=\"https:\/\/iicalgeri.esteri.it\/wp-content\/themes\/sedi-tema\/assets\/svg\/sprites.svg#it-arrow-right\"><\/use>\n                                    <\/svg>\n                                <\/a>\n                                                    <\/div>\n                    <\/div>\n                <\/div>\n                <!--end card-->\n                <\/div><!-- col-12 .mt-3-->\n                            <div class=\"col-12 mt-3\">\n                <!--start card-->\n                <div class=\"card-wrapper card-space\">\n                    <div class=\"card card-bg card-big border-bottom-card\">\n                        <div class=\"card-body \">\n                                                        <div class=\"category-top\">\n                                                                                                            <span class=\"\">\n                                        <svg class=\"icon icon-secondary\">\n                                            <use xlink:href=\"https:\/\/iicalgeri.esteri.it\/wp-content\/themes\/sedi-tema\/assets\/svg\/sprites.svg#it-calendar\"><\/use>\n                                        <\/svg> 22 Febbraio 2026                                    <\/span>\n                                                                    <\/div>\n                            <h5 class=\"card-title big-heading text-uppercase\"><a class=\"text-body text-decoration-none\" href=\"https:\/\/iicalgeri.esteri.it\/it\/news\/dall_istituto\/2026\/02\/opportunita-universita-ca-foscari-di-venezia\/\" title=\"Opportunit\u00e0 \u2013 Universit\u00e0 Ca&#8217; Foscari di Venezia\">Opportunit\u00e0 \u2013 Universit\u00e0 Ca&#8217; Foscari di Venezia<\/a><\/h5>\n                            <p class=\"card-text\">L\u2019Istituto Italiano di Cultura di Algeri \u00e8 lieto di segnalare l&#8217;iniziativa promossa dall&#8217;Universit\u00e0 Ca&#8217; Foscari Venezia per talenti internazionali. Per l\u2019anno accademico 2026-2027, l\u2019universit\u00e0 ha stanziato un pacchetto di borse di studio basate esclusivamente sul merito, denominate Ca&#8217; Foscari Honours Scholarships, rivolte a studenti internazionali d&#8217;eccellenza che intendano immatricolarsi a corsi di laurea triennale o [&hellip;]<\/p>\n                                <a title=\"Opportunit\u00e0 \u2013 Universit\u00e0 Ca&#8217; Foscari di Venezia\" class=\"read-more\" href=\"https:\/\/iicalgeri.esteri.it\/it\/news\/dall_istituto\/2026\/02\/opportunita-universita-ca-foscari-di-venezia\/\">\n                                    <span class=\"text\">Leggi di pi\u00f9<\/span>\n                                    <svg class=\"icon\">\n                                    <use xlink:href=\"https:\/\/iicalgeri.esteri.it\/wp-content\/themes\/sedi-tema\/assets\/svg\/sprites.svg#it-arrow-right\"><\/use>\n                                    <\/svg>\n                                <\/a>\n                                                    <\/div>\n                    <\/div>\n                <\/div>\n                <!--end card-->\n                <\/div><!-- col-12 .mt-3-->\n                            <div class=\"col-12 mt-3\">\n                <!--start card-->\n                <div class=\"card-wrapper card-space\">\n                    <div class=\"card card-bg card-big border-bottom-card\">\n                        <div class=\"card-body \">\n                                                        <div class=\"category-top\">\n                                                                                                            <span class=\"\">\n                                        <svg class=\"icon icon-secondary\">\n                                            <use xlink:href=\"https:\/\/iicalgeri.esteri.it\/wp-content\/themes\/sedi-tema\/assets\/svg\/sprites.svg#it-calendar\"><\/use>\n                                        <\/svg> 15 Febbraio 2026                                    <\/span>\n                                                                    <\/div>\n                            <h5 class=\"card-title big-heading text-uppercase\"><a class=\"text-body text-decoration-none\" href=\"https:\/\/iicalgeri.esteri.it\/it\/news\/dall_istituto\/2026\/02\/apertura-iscrizioni-esame-cils-14-aprile-2026\/\" title=\"Apertura iscrizioni esame CILS \u2013 14 aprile 2026 &#8211; PROROGA AL 17 marzo, ore 12:00 ora italiana\">Apertura iscrizioni esame CILS \u2013 14 aprile 2026 &#8211; PROROGA AL 17 marzo, ore 12:00 ora italiana<\/a><\/h5>\n                            <p class=\"card-text\">PROROGA Termine iscrizioni,\u00a0 nuovo termine per le iscrizioni: 17 marzo 2026, alle ore 12:00 ora italiana &nbsp; L\u2019Istituto Italiano di Cultura di Algeri comunica l\u2019apertura delle iscrizioni all\u2019esame CILS\u00a0per la sessione del\u00a014 aprile 2026, per i seguenti livelli: A2 Standard A2 Integrazione B1 Cittadinanza B1 Adolescenti B2 Adolescenti B2 C1 solo per gli specializzandi di [&hellip;]<\/p>\n                                <a title=\"Apertura iscrizioni esame CILS \u2013 14 aprile 2026 &#8211; PROROGA AL 17 marzo, ore 12:00 ora italiana\" class=\"read-more\" href=\"https:\/\/iicalgeri.esteri.it\/it\/news\/dall_istituto\/2026\/02\/apertura-iscrizioni-esame-cils-14-aprile-2026\/\">\n                                    <span class=\"text\">Leggi di pi\u00f9<\/span>\n                                    <svg class=\"icon\">\n                                    <use xlink:href=\"https:\/\/iicalgeri.esteri.it\/wp-content\/themes\/sedi-tema\/assets\/svg\/sprites.svg#it-arrow-right\"><\/use>\n                                    <\/svg>\n                                <\/a>\n                                                    <\/div>\n                    <\/div>\n                <\/div>\n                <!--end card-->\n                <\/div><!-- col-12 .mt-3-->\n            \n            <div class=\"col-md-12 mt-4 pb-4\">\n                <nav class=\"navigation col-md-12\" aria-label=\"Navigation\">\n                    <h2 class=\"screen-reader-text visually-hidden\">Paginazione<\/h2>\n                    <div class=\"nav-links\">\n                    <span aria-current=\"page\" class=\"page-numbers current\">1<\/span>\n<a class=\"page-numbers\" href=\"https:\/\/iicalgeri.esteri.it\/it\/wp-json\/wp\/v2\/pages\/25\/?pag=2\">2<\/a>\n<a class=\"page-numbers\" href=\"https:\/\/iicalgeri.esteri.it\/it\/wp-json\/wp\/v2\/pages\/25\/?pag=3\">3<\/a>\n<span class=\"page-numbers dots\">&hellip;<\/span>\n<a class=\"page-numbers\" href=\"https:\/\/iicalgeri.esteri.it\/it\/wp-json\/wp\/v2\/pages\/25\/?pag=10\">10<\/a>\n<a class=\"next page-numbers\" href=\"https:\/\/iicalgeri.esteri.it\/it\/wp-json\/wp\/v2\/pages\/25\/?pag=2\"><svg class=\"icon icon-primary\"><use xlink:href=\"https:\/\/iicalgeri.esteri.it\/wp-content\/themes\/sedi-tema\/assets\/svg\/sprites.svg#it-chevron-right\"><\/use><\/svg>\n                                    <span class=\"visually-hidden\">Pagina successiva<\/span><\/a>                    <\/div>\n                <\/nav>\n            <\/div>   <!--.col-md-12 -->\n              <\/div><!--.row -->\n              \n","protected":false},"excerpt":{"rendered":"","protected":false},"author":1,"featured_media":0,"parent":18,"menu_order":0,"comment_status":"closed","ping_status":"closed","template":"","meta":{"footnotes":""},"class_list":["post-25","page","type-page","status-publish","hentry"],"_links":{"self":[{"href":"https:\/\/iicalgeri.esteri.it\/it\/wp-json\/wp\/v2\/pages\/25","targetHints":{"allow":["GET"]}}],"collection":[{"href":"https:\/\/iicalgeri.esteri.it\/it\/wp-json\/wp\/v2\/pages"}],"about":[{"href":"https:\/\/iicalgeri.esteri.it\/it\/wp-json\/wp\/v2\/types\/page"}],"author":[{"embeddable":true,"href":"https:\/\/iicalgeri.esteri.it\/it\/wp-json\/wp\/v2\/users\/1"}],"replies":[{"embeddable":true,"href":"https:\/\/iicalgeri.esteri.it\/it\/wp-json\/wp\/v2\/comments?post=25"}],"version-history":[{"count":1,"href":"https:\/\/iicalgeri.esteri.it\/it\/wp-json\/wp\/v2\/pages\/25\/revisions"}],"predecessor-version":[{"id":26,"href":"https:\/\/iicalgeri.esteri.it\/it\/wp-json\/wp\/v2\/pages\/25\/revisions\/26"}],"up":[{"embeddable":true,"href":"https:\/\/iicalgeri.esteri.it\/it\/wp-json\/wp\/v2\/pages\/18"}],"wp:attachment":[{"href":"https:\/\/iicalgeri.esteri.it\/it\/wp-json\/wp\/v2\/media?parent=25"}],"curies":[{"name":"wp","href":"https:\/\/api.w.org\/{rel}","templated":true}]}}