{"id":2284,"date":"2024-01-03T11:37:31","date_gmt":"2024-01-03T10:37:31","guid":{"rendered":"https:\/\/iicalgeri.esteri.it\/?page_id=2284"},"modified":"2024-12-08T17:05:04","modified_gmt":"2024-12-08T16:05:04","slug":"rassegna-stampa-2024","status":"publish","type":"page","link":"https:\/\/iicalgeri.esteri.it\/it\/chi-siamo\/la-sede\/sala-stampa\/rassegna-stampa\/rassegna-stampa-2024\/","title":{"rendered":"Rassegna Stampa 2024"},"content":{"rendered":"<p><strong>Residenza Calvino &#8211; 10 gennaio &#8211; 17 febbraio:<\/strong><\/p>\n<ul>\n<li>Horizons: <a href=\"https:\/\/www.horizons.dz\/?p=75378\">1<\/a>, <a href=\"https:\/\/www.horizons.dz\/?p=78221\">2<\/a>, <a href=\"https:\/\/www.horizons.dz\/?p=83722\">3<\/a><\/li>\n<li>L\u2019Expression: <a href=\"https:\/\/www.lexpressiondz.com\/culture\/residence-calvino-avec-ginevra-latini-377759\">1<\/a>, <a href=\"https:\/\/www.lexpressiondz.com\/culture\/cloture-de-la-residence-autour-de-italo-calvino-378622\">2<\/a><\/li>\n<li><a href=\"https:\/\/elwatan-dz.com\/litterature-loeuvre-de-lecrivain-italien-italo-calvino-revisitee-a-alger\">El Watan<\/a><\/li>\n<li><a href=\"https:\/\/www.aps.dz\/culture\/166889-l-oeuvre-de-l-ecrivain-italien-italo-calvino-revisitee-a-alger\">APS<\/a><\/li>\n<li><a href=\"https:\/\/news.radioalgerie.dz\/fr\/node\/40776\">Radio Alg\u00e9rie<\/a><\/li>\n<li><a href=\"https:\/\/www.lesoirdalgerie.com\/culture\/italo-calvino-l-ami-italien-de-l-algerie-112885\">Le soir d\u2019Alg\u00e9rie<\/a><\/li>\n<li><a href=\"http:\/\/In Algeria il premio \u201cResidenza Calvino \u2013 Algeri\u201d \u2013 Italiana \u2013 Lingua, cultura, creativit\u00e0 nel mondo (esteri.it)\">Italiana<\/a><\/li>\n<\/ul>\n<p><strong>Incontro con i giornalisti\u00a0 &#8211; 6 marzo:<\/strong><\/p>\n<ul>\n<li><a href=\"https:\/\/elwatan-dz.com\/programme-semestriel-de-linstitut-culturel-italien-a-alger-cinema-jazz-design-et-des-surprises\">El Watan<\/a><\/li>\n<li><a href=\"https:\/\/www.elmoudjahid.dz\/fr\/culture\/institut-culturel-italien-les-residences-a-l-honneur-214522\">El moudjahid<\/a><\/li>\n<\/ul>\n<p><strong>Italian Design Day &#8211; 18 marzo:<\/strong><\/p>\n<ul>\n<li><a href=\"https:\/\/www.elmoudjahid.dz\/fr\/culture\/8e-edition-de-la-journee-du-design-italien-innovation-et-ingeniosite-215131\">El moudjahid<\/a><\/li>\n<\/ul>\n<p><strong>Incontro letterario con Tommaso Giagni e Fateh Boumehdi &#8211; 26 marzo:<\/strong><\/p>\n<ul>\n<li><a href=\"https:\/\/www.horizons.dz\/?p=100909&amp;fbclid=IwAR3mZQCpRDDVyQlICUHPjhf5dIPmC-Kbu-36ONw6qk95I1SjcwB5NcuH3H0_aem_AWXYw8KNrjYRHTkX1N6NYaY24lx4J7E7EZnoxKIEL-BMi7DfWCZB5IOr2DWyvghdDnI\">Horizons<\/a><\/li>\n<\/ul>\n<p><strong>Festival del Film Mediterraneo di Annaba &#8211; <\/strong><strong>24 \u2013 30 aprile:<\/strong><\/p>\n<ul>\n<li>El Watan <a href=\"https:\/\/elwatan-dz.com\/long-equilibrisme-annaba-et-la-geopolitique-du-cinema\">1<\/a>, <a href=\"https:\/\/elwatan-dz.com\/la-comedie-lavenir-sera-radieux-projete-a-annaba-quand-nanni-moretti-se-revolte-contre-linsignifiance-et-netflix\">2<\/a><\/li>\n<li>Horizons <a href=\"https:\/\/www.horizons.dz\/?p=113422\">1<\/a>, <a href=\"https:\/\/www.horizons.dz\/?p=113024\">2<\/a><\/li>\n<li><a href=\"https:\/\/elwatan-dz.com\/4eme-edition-du-festival-du-film-mediterraneen-de-annaba-dourid-lahem-et-nanni-moretti-invites-dhonneur\">El watan<\/a><\/li>\n<li>El moudjahid <a href=\"https:\/\/www.elmoudjahid.dz\/fr\/culture\/130-ans-de-cinema-italien-a-l-honneur-trois-cents-productions-en-2023-217144\">1<\/a>, <a href=\"https:\/\/www.elmoudjahid.dz\/fr\/culture\/coup-d-envoi-du-festival-du-film-mediterraneen-d-annaba-au-theatre-azzedine-medjoubi-c-est-parti-216973\">2<\/a>, <a href=\"https:\/\/www.elmoudjahid.dz\/fr\/culture\/festival-du-film-mediterraneen-d-annaba-conference-sur-le-cinema-italien-216332\">3<\/a><\/li>\n<li><a href=\"https:\/\/www.aps.dz\/culture\/170023-festival-du-film-mediterraneen-a-annaba-130-ans-de-cinema-italien-a-travers-le-regard-des-critiques-objet-d-une-conference-speciale\">APS<\/a><\/li>\n<li><a href=\"https:\/\/news.radioalgerie.dz\/fr\/node\/43868\">Radio Alg\u00e9rie<\/a><\/li>\n<li><a href=\"https:\/\/www.lesoirdalgerie.com\/culture\/le-cinema-italien-a-l-honneur-116163\">Le soir d\u2019Alg\u00e9rie<\/a><\/li>\n<li><a href=\"https:\/\/lalgerieaujourdhui.dz\/le-cinema-italien-a-lhonneur-du-festival-du-film-mediterraneen-dannaba\/\">L\u2019alg\u00e9rie d\u2019aujoudhui<\/a><\/li>\n<li><a href=\"https:\/\/www.24hdz.dz\/les-cinemas-palestinien-et-italien-a-lhonneur-au-festival-du-film-mediterraneen-dannaba\/\">24Hdz<\/a><\/li>\n<li><a href=\"https:\/\/www.lexpressiondz.com\/culture\/un-accord-de-coproduction-algero-italien-en-cours-381147\">L\u2019expression<\/a><\/li>\n<\/ul>\n<p>Stampa italiana<\/p>\n<ul>\n<li><a href=\"https:\/\/www.bresciaoggi.it\/territorio-bresciano\/hinterland\/trionfo-bresciano-al-festival-del-mediterraneo-in-algeria-con-la-pellicola-sarura-il-trailer-1.10696417\">Bresciaoggi<\/a><\/li>\n<li><a href=\"https:\/\/www.ansa.it\/ansamed\/it\/notizie\/rubriche\/cultura\/2023\/09\/26\/italia-ospite-donore-a-festival-cinema-mediterraneo-di-annaba_5a3641ac-7365-4174-9983-384373e120f3.html\">Ansa<\/a><\/li>\n<li><a href=\"https:\/\/www.filmforlife.org\/2024\/05\/daniele-urciuolo-porta-lina-wertmuller-africa\/\">Filmforlife<\/a><\/li>\n<li><a href=\"https:\/\/cineuropa.org\/it\/newsdetail\/461446\/\">Cineuropa<\/a><\/li>\n<\/ul>\n<p>&nbsp;<\/p>\n<p><strong>Concerto Jazz\u00a0 Eleonora Strino &#8211; 7 &#8211; 8 maggio:<\/strong><\/p>\n<ul>\n<li><a href=\"https:\/\/elwatan-dz.com\/concert-deleonora-strino-trio-a-la-salle-ibn-zeydoun-comme-un-air-de-jazz-marin-napolitain-a-alger\">El Watan<\/a><\/li>\n<li><a href=\"https:\/\/www.elmoudjahid.dz\/fr\/culture\/eleonora-strino-en-concert-le-public-subjugue-217657\">El Moudjahid<\/a><\/li>\n<li><a href=\"https:\/\/www.lexpressiondz.com\/culture\/eleonora-strino-trio-seduit-le-public-381437\">L\u2019expression<\/a><\/li>\n<li><a href=\"https:\/\/elwatan-dz.com\/eleonora-strino-et-sa-troupe-au-theatre-abdelkader-alloula-litalienne-a-oran\">El Watan\u00a0<\/a><\/li>\n<\/ul>\n<p>&nbsp;<\/p>\n<p><strong>Festival Internazionale Di Musica Sinfonica &#8211; 16 &#8211; 22 maggio:<\/strong><\/p>\n<ul>\n<li><a href=\"http:\/\/13e Festival international de la musique symphonique : L\u2019orchestre italien sublime la musique alg\u00e9rienne \u2013 Le Jeune Ind\u00e9pendant (jeune-independant.net)\">Le Jeune ind\u00e9pendant<\/a><\/li>\n<li><a href=\"http:\/\/Musique Symphonique : 5e soir\u00e9e magique \u00e0 l'Op\u00e9ra d'Alger - Horizons\">Horizons<\/a><\/li>\n<\/ul>\n<p><strong>Le Due Lune\u00a0 &#8211; 23 maggio<\/strong><\/p>\n<ul>\n<li><a href=\"https:\/\/www.youtube.com\/watch?v=vaXcGysa0k0\">ENTV<\/a><\/li>\n<\/ul>\n<p><strong>Conferenza archeologia &#8211; 28 maggio:<\/strong><\/p>\n<ul>\n<li><a href=\"https:\/\/www.lexpressiondz.com\/culture\/les-missions-archeologiques-algero-italiennes-devoilees-382168\">L\u2019Expression<\/a><\/li>\n<\/ul>\n<p><strong>A journey from waste to art &#8211; EUNIC &#8211; 29 &#8211; 30 maggio:<\/strong><\/p>\n<ul>\n<li><a href=\"https:\/\/www.elmoudjahid.dz\/fr\/culture\/a-journey-from-waste-to-art-a-l-institut-cervantes-le-recyclage-au-service-de-l-art-219989\">El Moudjahid<\/a><\/li>\n<li><a href=\"https:\/\/www.lexpressiondz.com\/culture\/du-dechet-a-l-oeuvre-d-art-382859\">L&#8217;expression<\/a><\/li>\n<\/ul>\n<p><strong>Festival Europeo 27 giugno \u2013 3 luglio 2024:<\/strong><\/p>\n<ul>\n<li>El Watan <a href=\"http:\/\/24e Festival europ\u00e9en de musique : Petite temp\u00eate d\u2019un \u00abAfroitaliano\u00bb \u00e0 Alger - El watan.dz (elwatan-dz.com)\">1<\/a>, <a href=\"http:\/\/24e festival europ\u00e9en de musique : 14 concerts \u00e0 l\u2019affiche - El watan.dz (elwatan-dz.com)\">2<\/a><\/li>\n<li><a href=\"https:\/\/www.youtube.com\/watch?v=q5rnWzJo7oM\">Ennahar<\/a><\/li>\n<\/ul>\n<p><strong>Festival Di Danza Contemporanea &#8211;\u00a0<\/strong><strong> 11 \u2013 15 luglio 2024:<\/strong><\/p>\n<ul>\n<li><a href=\"http:\/\/Le 12e Festival international de danse contemporaine s'ouvre \u00e0 Alger (msn.com)\">APS<\/a><\/li>\n<li><a href=\"https:\/\/www.elmoudjahid.dz\/fr\/culture\/ouverture-du-festival-international-de-danse-contemporaine-une-palette-de-spectacles-entrainants-220819\">El Moudjahid<\/a><\/li>\n<li><a href=\"https:\/\/www.lexpressiondz.com\/culture\/l-algerie-la-syrie-et-l-italie-en-ouverture-383493\">L\u2019Expression<\/a><\/li>\n<li><a href=\"https:\/\/elwatan-dz.com\/12e-edition-du-festival-international-de-danse-contemporaine-18-troupes-et-compagnies-artistiques-a-lhonneur\">El Watan<\/a><\/li>\n<\/ul>\n<p><strong>Cinema sotto le stelle &#8211; 1 agosto &#8211; 30 settembre 2024:<\/strong><\/p>\n<ul>\n<li>El Moudjahid <a href=\"http:\/\/Institut culturel Italien d\u2019Alger : cin\u00e9ma sous les \u00e9toiles - Culture : EL Moudjahid\">1<\/a>, <a href=\"http:\/\/Institut culturel italien d'Alger : Projection du long m\u00e9trage La scomparsa di Pat\u00f2 - Culture : EL Moudjahid\">2<\/a><\/li>\n<li><a href=\"http:\/\/L'Expression: Culture - Cin\u00e9ma sous les \u00e9toiles\">L\u2019expression<\/a><\/li>\n<li><a href=\"https:\/\/elwatan-dz.com\/cinema-italien-con-chi-viaggi-projete-a-alger\">El Watan<\/a><\/li>\n<\/ul>\n<p><strong>Giornata Porte aperte &#8211; Giornata Europea delle Lingue &#8211; 26 settembre 2024:<\/strong><\/p>\n<ul>\n<li><a href=\"https:\/\/www.lexpressiondz.com\/culture\/journee-portes-ouvertes-386062\">L\u2019expression<\/a><\/li>\n<\/ul>\n<p><strong>Journ\u00e9e de l&#8217;art contemporain &#8211; 10 ottobre 2024:<\/strong><\/p>\n<ul>\n<li><a href=\"http:\/\/L'Expression: Culture - Institut culturel Italien Journ\u00e9e de l'art contemporain\">L\u2019expression<\/a><\/li>\n<\/ul>\n<p><strong>XXIV Edizione SLIM &#8211;\u00a0 dal 14 al 20 ottobre 2024:<\/strong><\/p>\n<ul>\n<li><a href=\"http:\/\/L'Expression: Culture - XXIVe Semaine de la langue italienne dans le monde\">L\u2019expression<\/a><\/li>\n<li><a href=\"http:\/\/Semaine de la langue Italienne dans le monde : C\u00e9l\u00e9bration du r\u00f4le de la litt\u00e9rature - Culture : EL Moudjahid\">El Moudjahid<\/a><\/li>\n<li>El Moudjahid &#8211; <a href=\"http:\/\/Concert de jazz \u00e0 Dar Abdeltif : Dialogue musical et culturel - Culture : EL Moudjahid\">Concert de jazz \u00e0 Dar Abdeltif\u00a0<\/a><\/li>\n<\/ul>\n<p><strong>FIBDA &#8211;<\/strong> <strong>1 &#8211; 5 ottobre 2024:<\/strong><\/p>\n<ul>\n<li><a href=\"https:\/\/www.youtube.com\/watch?app=desktop&amp;v=UJkL5f_GVCc\">Youtube<\/a><\/li>\n<\/ul>\n<p><strong>Giornata arte contemporanea &#8211; 10 ottobre 2024:<\/strong><\/p>\n<ul>\n<li><a href=\"https:\/\/www.lexpression.dz\/culture\/institut-culturel-italien-journee-de-l-art-contemporain-386622\">L\u2019expression<\/a><\/li>\n<\/ul>\n<p><strong>XXIV SLIM &#8211; 14 &#8211; 20 ottobre 2024<\/strong>:<\/p>\n<ul>\n<li><a href=\"https:\/\/www.lexpression.dz\/culture\/xxive-semaine-de-la-langue-italienne-dans-le-monde-386816\">L\u2019expression<\/a><\/li>\n<li><a href=\"https:\/\/www.elmoudjahid.dz\/fr\/culture\/semaine-de-la-langue-italienne-dans-le-monde-celebration-du-role-de-la-litterature-225144\">El Moudjahid<\/a><\/li>\n<\/ul>\n<p><strong>Residenza jazz &#8211; 20 ottobre 2024:<\/strong><\/p>\n<ul>\n<li><a href=\"https:\/\/www.elmoudjahid.dz\/fr\/culture\/concert-de-jazz-a-dar-abdeltif-dialogue-musical-et-culturel-225382\">El Moudjahid<\/a><\/li>\n<\/ul>\n<p><strong>SILA &#8211; 6 &#8211; 16 novembre 2024<\/strong>:<\/p>\n<ul>\n<li><a href=\"https:\/\/www.ilgiornaleditrani.net\/dialoghi-di-trani-questo-venerdi-e-sabato-ospiti-al-salone-internazionale-del-libro-di-algeri\/\">Il giornale di Trani<\/a><\/li>\n<li><a href=\"https:\/\/tranilive.it\/2024\/11\/13\/i-dialoghi-di-trani-ospiti-al-salone-internazionale-del-libro-di-algeri\/\">Tran live<\/a><\/li>\n<li><a href=\"https:\/\/www.youtube.com\/watch?v=mRSKtodeEj4\">El Hadath<\/a><\/li>\n<li>El Moudjahid <a href=\"https:\/\/www.elmoudjahid.com\/fr\/actualite\/avis-des-editeurs-etrangers-un-peuple-amoureux-du-livre-226549\">1<\/a>, <a href=\"https:\/\/www.facebook.com\/quotidienelmoudjahid\/videos\/2018194961935238\/?mibextid=WC7FNe&amp;rdid=w3xAmbj5sUgfaPSS\">2<\/a><\/li>\n<li>AL24 news <a href=\"https:\/\/www.youtube.com\/watch?v=dJvzqJyk1Uk\">1<\/a>, <a href=\"https:\/\/www.youtube.com\/watch?v=aREBM2PPcdk\">2<\/a><\/li>\n<\/ul>\n","protected":false},"excerpt":{"rendered":"Residenza Calvino &#8211; 10 gennaio &#8211; 17 febbraio: Horizons: 1, 2, 3 L\u2019Expression: 1, 2 El Watan APS Radio Alg\u00e9rie Le soir d\u2019Alg\u00e9rie Italiana Incontro con i giornalisti\u00a0 &#8211; 6 marzo: El Watan El moudjahid Italian Design Day &#8211; 18 marzo: El moudjahid Incontro letterario con Tommaso Giagni e Fateh Boumehdi &#8211; 26 marzo: Horizons [&hellip;]","protected":false},"author":12,"featured_media":0,"parent":276,"menu_order":0,"comment_status":"closed","ping_status":"closed","template":"","meta":{"footnotes":""},"class_list":["post-2284","page","type-page","status-publish","hentry"],"_links":{"self":[{"href":"https:\/\/iicalgeri.esteri.it\/it\/wp-json\/wp\/v2\/pages\/2284","targetHints":{"allow":["GET"]}}],"collection":[{"href":"https:\/\/iicalgeri.esteri.it\/it\/wp-json\/wp\/v2\/pages"}],"about":[{"href":"https:\/\/iicalgeri.esteri.it\/it\/wp-json\/wp\/v2\/types\/page"}],"author":[{"embeddable":true,"href":"https:\/\/iicalgeri.esteri.it\/it\/wp-json\/wp\/v2\/users\/12"}],"replies":[{"embeddable":true,"href":"https:\/\/iicalgeri.esteri.it\/it\/wp-json\/wp\/v2\/comments?post=2284"}],"version-history":[{"count":6,"href":"https:\/\/iicalgeri.esteri.it\/it\/wp-json\/wp\/v2\/pages\/2284\/revisions"}],"predecessor-version":[{"id":4822,"href":"https:\/\/iicalgeri.esteri.it\/it\/wp-json\/wp\/v2\/pages\/2284\/revisions\/4822"}],"up":[{"embeddable":true,"href":"https:\/\/iicalgeri.esteri.it\/it\/wp-json\/wp\/v2\/pages\/276"}],"wp:attachment":[{"href":"https:\/\/iicalgeri.esteri.it\/it\/wp-json\/wp\/v2\/media?parent=2284"}],"curies":[{"name":"wp","href":"https:\/\/api.w.org\/{rel}","templated":true}]}}