{"id":511,"date":"2023-07-17T10:22:08","date_gmt":"2023-07-17T09:22:08","guid":{"rendered":"https:\/\/iicalgeri.esteri.it\/?page_id=511"},"modified":"2023-08-21T14:23:56","modified_gmt":"2023-08-21T13:23:56","slug":"stages","status":"publish","type":"page","link":"https:\/\/iicalgeri.esteri.it\/fr\/chi-siamo\/contatti\/opportunites\/stages\/","title":{"rendered":"Stages"},"content":{"rendered":"<p><span class=\"titoloNotizia\"><span class=\"titoloRosso\">Stages MAE\/CRUI<\/p>\n<p><\/span><\/span><strong>A qui s\u2019adressent-ils ?<br \/>\n<\/strong>Aux jeunes italiens particuli\u00e8rement brillants en possession d\u2019une licence \u00abLaurea \u00ab\u00a0breve\u00a0\u00bb ou \u00ab\u00a0specialistica\u00a0\u00bb ou \u00ab\u00a0del vecchio ordinamento\u00a0\u00bb\u00bb (obtenue dans les 18 mois pr\u00e9c\u00e9dents), ou bien aux \u00e9tudiants de derni\u00e8re ann\u00e9e des universit\u00e9s italiennes ou inscrits en master de 1er et 2\u00e8me degr\u00e9 (r\u00e9cemment dipl\u00f4m\u00e9s, n\u2019exc\u00e9dant pas 18 mois).<\/p>\n<p><span class=\"titoloNotizia\">O\u00f9 et quand se d\u00e9roulent-ils ?<br \/>\n<\/span>Il est possible d\u2019effectuer un stage d\u2019une p\u00e9riode de trois mois aupr\u00e8s des services du Minist\u00e8re des Affaires Etrang\u00e8res Italien \u00e0 Rome ou bien \u00e0 l\u2019\u00e9tranger aupr\u00e8s des diff\u00e9rents si\u00e8ges du Minist\u00e8re:<br \/>\n<a href=\"http:\/\/www.esteri.it\/MAE\/IT\/Ministero\/Rappresentanze\/Istituti_Cultura\/\" target=\"_blank\" rel=\"noopener\">Instituts Culturels Italiens<br \/>\n<\/a><a href=\"http:\/\/www.esteri.it\/MAE\/IT\/Ministero\/Rappresentanze\/\" target=\"_blank\" rel=\"noopener\">Ambasades\u00a0italiennes<br \/>\n<\/a><a href=\"http:\/\/www.esteri.it\/MAE\/IT\/Ministero\/Rappresentanze\/\" target=\"_blank\" rel=\"noopener\">Consulats italiens<\/a><br \/>\n<a href=\"http:\/\/www.esteri.it\/MAE\/IT\/Ministero\/Rappresentanze\/Rappresentanze_Permanenti\/\" target=\"_blank\" rel=\"noopener\">Rapr\u00e9sentations Permanentes aupr\u00e8s des Organisations Internationales<\/a><\/p>\n<p>Les stages sont organis\u00e9s r\u00e9guli\u00e8rement sur trois p\u00e9riodes de l\u2019ann\u00e9e (janvier &#8211; avril, mai &#8211; ao\u00fbt, septembre &#8211; d\u00e9cembre).<\/p>\n<p><span class=\"titoloNotizia\">Par qui sont-ils organis\u00e9s ?<br \/>\n<\/span>Les stages ont \u00e9t\u00e9 institu\u00e9s suite \u00e0 une convention entre le Minist\u00e8re des Affaires Etrang\u00e8res Italien (Institut Diplomatique) et la \u00ab Conferenza dei Rettori delle Universit\u00e0 Italiane \u00bb (CRUI).<br \/>\nA ce jour, 57 universit\u00e9s italiennes ont adh\u00e9r\u00e9 \u00e0 la Convention.<br \/>\nEntre 2001 et 2004, sur 10000 candidatures parvenues, plus de 3000 stages ont \u00e9t\u00e9 effectu\u00e9s aupr\u00e8s du Minist\u00e8re ou \u00e0 l\u2019\u00e9tranger.<\/p>\n<p><span class=\"titoloNotizia\">Programme<\/span><br \/>\nLe programme s\u2019adresse \u00e0 ceux qui d\u00e9sirent entrer en contact avec le syst\u00e8me des relations internationales de notre Pays, dans les secteurs : politique, \u00e9conomique, socioculturel, scientifique et de la coop\u00e9ration au d\u00e9veloppement. Il offre la possibilit\u00e9 d\u2019acqu\u00e9rir \u2013 d\u2019une perspective privil\u00e9gi\u00e9e -une connaissance directe et concr\u00e8te du caract\u00e8re op\u00e9rationnel des structures du Minist\u00e8re en Italie et \u00e0 l\u2019\u00e9tranger. Il est recommand\u00e9, aussi bien \u00e0 ceux qui d\u00e9sirent conna\u00eetre les diff\u00e9rentes orientations pour entamer une carri\u00e8re internationale, qu\u2019\u00e0 ceux qui d\u00e9sirent suivre un projet d\u2019\u00e9tudes en approfondissant \u00absur le terrain\u00bb leurs connaissances, en compl\u00e9ment de leurs \u00e9tudes.<\/p>\n<p><span class=\"titoloNotizia\">L\u2019Institut Diplomatique du Minist\u00e8re des Affaires Etrang\u00e8res italien<\/span><br \/>\nL&rsquo;Institut Diplomatique s\u2019occupe de la coordination du programme et des diff\u00e9rents aspects de sa gestion, en collaboration avec la CRUI. Il en d\u00e9finit, en particulier, les objectifs, les modalit\u00e9s et les contenus ; il se charge de la publication p\u00e9riodique des places offertes ainsi que des respectives descriptions des postes \u00e0 pourvoir ; il proc\u00e8de \u00e0 la s\u00e9lection des candidats et se soucie de rendre profitable et efficace l\u2019activit\u00e9 formatrice des s\u00e9lectionn\u00e9s ; il effectue un contr\u00f4le g\u00e9n\u00e9ral sur le d\u00e9roulement des stages et sur les r\u00e9sultats obtenus.<\/p>\n<p><span class=\"titoloNotizia\">Informations<\/span><br \/>\nL\u2019Institut Culturel Italien a la possibilit\u00e9 de recruter des stagiaires,\u00a0et, suite \u00e0 la loi du 28 juin 2012, n.92, il faut qu&rsquo;ils re\u00e7oivent une compensation appropri\u00e9e.<\/p>\n<p>La seule possibilit\u00e9 qui est permise par la loi, en ce moment, est d&rsquo;avoir des stagiaires qui sont inscrits \u00e0 l&rsquo;universit\u00e9, ainsi que de concourir pour une bourse appel\u00e9e\u00a0<a href=\"http:\/\/www.programmallp.it\/llp_home.php?id_cnt=1\">Erasmus placement<\/a>. Nous vous invitons \u00e0 consulter sur\u00a0le site toutes les conditions d&rsquo;admission au programme et votre \u00e9ventuelle admissibilit\u00e9.<\/p>\n","protected":false},"excerpt":{"rendered":"Stages MAE\/CRUI A qui s\u2019adressent-ils ? Aux jeunes italiens particuli\u00e8rement brillants en possession d\u2019une licence \u00abLaurea \u00ab\u00a0breve\u00a0\u00bb ou \u00ab\u00a0specialistica\u00a0\u00bb ou \u00ab\u00a0del vecchio ordinamento\u00a0\u00bb\u00bb (obtenue dans les 18 mois pr\u00e9c\u00e9dents), ou bien aux \u00e9tudiants de derni\u00e8re ann\u00e9e des universit\u00e9s italiennes ou inscrits en master de 1er et 2\u00e8me degr\u00e9 (r\u00e9cemment dipl\u00f4m\u00e9s, n\u2019exc\u00e9dant pas 18 mois). O\u00f9 [&hellip;]","protected":false},"author":4,"featured_media":0,"parent":495,"menu_order":0,"comment_status":"closed","ping_status":"closed","template":"","meta":{"footnotes":""},"class_list":["post-511","page","type-page","status-publish","hentry"],"_links":{"self":[{"href":"https:\/\/iicalgeri.esteri.it\/fr\/wp-json\/wp\/v2\/pages\/511","targetHints":{"allow":["GET"]}}],"collection":[{"href":"https:\/\/iicalgeri.esteri.it\/fr\/wp-json\/wp\/v2\/pages"}],"about":[{"href":"https:\/\/iicalgeri.esteri.it\/fr\/wp-json\/wp\/v2\/types\/page"}],"author":[{"embeddable":true,"href":"https:\/\/iicalgeri.esteri.it\/fr\/wp-json\/wp\/v2\/users\/4"}],"replies":[{"embeddable":true,"href":"https:\/\/iicalgeri.esteri.it\/fr\/wp-json\/wp\/v2\/comments?post=511"}],"version-history":[{"count":1,"href":"https:\/\/iicalgeri.esteri.it\/fr\/wp-json\/wp\/v2\/pages\/511\/revisions"}],"predecessor-version":[{"id":512,"href":"https:\/\/iicalgeri.esteri.it\/fr\/wp-json\/wp\/v2\/pages\/511\/revisions\/512"}],"up":[{"embeddable":true,"href":"https:\/\/iicalgeri.esteri.it\/fr\/wp-json\/wp\/v2\/pages\/495"}],"wp:attachment":[{"href":"https:\/\/iicalgeri.esteri.it\/fr\/wp-json\/wp\/v2\/media?parent=511"}],"curies":[{"name":"wp","href":"https:\/\/api.w.org\/{rel}","templated":true}]}}