{"id":497,"date":"2023-07-16T16:50:46","date_gmt":"2023-07-16T15:50:46","guid":{"rendered":"https:\/\/iicalgeri.esteri.it\/?page_id=497"},"modified":"2023-08-21T13:43:25","modified_gmt":"2023-08-21T12:43:25","slug":"borse-ire","status":"publish","type":"page","link":"https:\/\/iicalgeri.esteri.it\/fr\/chi-siamo\/la-sede\/espace-presse\/2017-2\/borse-ire\/","title":{"rendered":"Borse IRE"},"content":{"rendered":"<p>L\u2019Italie n\u2019offre pas de bourses d\u2019\u00e9tudes \u00e0 des citoyens italiens r\u00e9sidants dans des Pays de l\u2019Union Europ\u00e9enne.<\/p>\n<p>Pour les citoyens italiens r\u00e9sidants dans des Pays extracommunautaires, consultez le site du\u00a0<a href=\"http:\/\/www.esteri.it\/ita\/4_28_67_81_93_111.asp\" target=\"_blank\" rel=\"noopener\">Minist\u00e8re des Affaires Etrang\u00e8res italien<\/a>.<\/p>\n","protected":false},"excerpt":{"rendered":"L\u2019Italie n\u2019offre pas de bourses d\u2019\u00e9tudes \u00e0 des citoyens italiens r\u00e9sidants dans des Pays de l\u2019Union Europ\u00e9enne. Pour les citoyens italiens r\u00e9sidants dans des Pays extracommunautaires, consultez le site du\u00a0Minist\u00e8re des Affaires Etrang\u00e8res italien.","protected":false},"author":4,"featured_media":0,"parent":479,"menu_order":0,"comment_status":"closed","ping_status":"closed","template":"","meta":{"footnotes":""},"class_list":["post-497","page","type-page","status-publish","hentry"],"_links":{"self":[{"href":"https:\/\/iicalgeri.esteri.it\/fr\/wp-json\/wp\/v2\/pages\/497","targetHints":{"allow":["GET"]}}],"collection":[{"href":"https:\/\/iicalgeri.esteri.it\/fr\/wp-json\/wp\/v2\/pages"}],"about":[{"href":"https:\/\/iicalgeri.esteri.it\/fr\/wp-json\/wp\/v2\/types\/page"}],"author":[{"embeddable":true,"href":"https:\/\/iicalgeri.esteri.it\/fr\/wp-json\/wp\/v2\/users\/4"}],"replies":[{"embeddable":true,"href":"https:\/\/iicalgeri.esteri.it\/fr\/wp-json\/wp\/v2\/comments?post=497"}],"version-history":[{"count":1,"href":"https:\/\/iicalgeri.esteri.it\/fr\/wp-json\/wp\/v2\/pages\/497\/revisions"}],"predecessor-version":[{"id":498,"href":"https:\/\/iicalgeri.esteri.it\/fr\/wp-json\/wp\/v2\/pages\/497\/revisions\/498"}],"up":[{"embeddable":true,"href":"https:\/\/iicalgeri.esteri.it\/fr\/wp-json\/wp\/v2\/pages\/479"}],"wp:attachment":[{"href":"https:\/\/iicalgeri.esteri.it\/fr\/wp-json\/wp\/v2\/media?parent=497"}],"curies":[{"name":"wp","href":"https:\/\/api.w.org\/{rel}","templated":true}]}}