{"id":406,"date":"2023-07-12T10:33:10","date_gmt":"2023-07-12T09:33:10","guid":{"rendered":"https:\/\/iicalgeri.esteri.it\/?page_id=406"},"modified":"2023-09-17T10:37:32","modified_gmt":"2023-09-17T09:37:32","slug":"histoire","status":"publish","type":"page","link":"https:\/\/iicalgeri.esteri.it\/fr\/chi-siamo\/la-sede\/histoire\/","title":{"rendered":"Storia"},"content":{"rendered":"<p>L\u2019Institut a \u00e9t\u00e9 fond\u00e9 en 1963, imm\u00e9diatement apr\u00e8s la proclamation de l\u2019ind\u00e9pendance de l\u2019Alg\u00e9rie, et depuis il n\u2019a jamais cess\u00e9 d\u2019activer.<\/p>\n<p>A cause de tragiques \u00e9v\u00e9nements qui ont secou\u00e9s le Pays, l\u2019Institut s\u2019est contraint, d\u2019octobre 1994 \u00e0 janvier 1999, \u00e0 r\u00e9duire ses manifestations ext\u00e9rieures en concentrant ses activit\u00e9s sur les services essentiels. Ses portes rest\u00e8rent cependant ouvertes \u00e0 tout ceux qui d\u00e9siraient apprendre l\u2019italien, les cours ne furent jamais interrompus nonobstant la situation.<\/p>\n<p>Ce n\u2019est qu\u2019en 1999 que l\u2019Institut reprend une activit\u00e9 normale. Depuis cette date, il a repris \u00e0 pr\u00e9senter au public d\u2019Alger des manifestations culturelles vari\u00e9es, \u00e0 savoir conf\u00e9rences, expositions artistiques et photographiques \u00e0 caract\u00e8re historique, cycles cin\u00e9matographiques, concerts de tout genres et spectacles de danse. Ces manifestations se tiennent dans les plus prestigieux endroits de la ville, en collaboration avec les principales institutions culturelles.<\/p>\n<p>Actuellement, l\u2019Institut est situ\u00e9 sur les hauteurs d\u2019Alger \u00e0 El Biar, proche de l\u2019Ambassade d\u2019Italie. Gr\u00e2ce aux cours de langue et \u00e0 sa biblioth\u00e8que, il est un espace culturel ouvert de la ville.<\/p>\n<p>Les manifestations propos\u00e9es par l\u2019Institut \u00e0 la capitale alg\u00e9rienne comptent un public fid\u00e8le. Le cycle cin\u00e9matographique, \u00abLa Semaine de Langue Italienne dans le Monde\u00bb, \u00abLa Saison Culturelle Italienne\u00bb et la participation au \u00abFestival Culturel Europ\u00e9en\u00bb sont d\u00e9sormais des rendez-vous ponctuels.<\/p>\n<p>Les diff\u00e9rents directeurs qui ont dirig\u00e9 IIC d\u2019Alger sont:<\/p>\n<ul>\n<li>Giovanni Battaglia<\/li>\n<li>Renzo Milani<\/li>\n<li>Nunzio Pascarella<\/li>\n<li>Domenico Ghio<\/li>\n<li>Diego Grilli<\/li>\n<li>Silvio Giachino<\/li>\n<li>Ciro Coppola<\/li>\n<li>Ennio Bispuri<\/li>\n<li>Nicola Tommasso Firmani<\/li>\n<li>Giorgio Guerrini<\/li>\n<li>Mario Paolini<\/li>\n<li>Maria Concetta Battaglia<\/li>\n<li>Uberto Malizia, directeur par int\u00e9rim<\/li>\n<li>Maria Concetta Battaglia<\/li>\n<li>Antonia Grande<\/li>\n<\/ul>\n","protected":false},"excerpt":{"rendered":"L\u2019Institut a \u00e9t\u00e9 fond\u00e9 en 1963, imm\u00e9diatement apr\u00e8s la proclamation de l\u2019ind\u00e9pendance de l\u2019Alg\u00e9rie, et depuis il n\u2019a jamais cess\u00e9 d\u2019activer. A cause de tragiques \u00e9v\u00e9nements qui ont secou\u00e9s le Pays, l\u2019Institut s\u2019est contraint, d\u2019octobre 1994 \u00e0 janvier 1999, \u00e0 r\u00e9duire ses manifestations ext\u00e9rieures en concentrant ses activit\u00e9s sur les services essentiels. Ses portes rest\u00e8rent [&hellip;]","protected":false},"author":4,"featured_media":0,"parent":83,"menu_order":0,"comment_status":"closed","ping_status":"closed","template":"","meta":{"footnotes":""},"class_list":["post-406","page","type-page","status-publish","hentry"],"_links":{"self":[{"href":"https:\/\/iicalgeri.esteri.it\/fr\/wp-json\/wp\/v2\/pages\/406","targetHints":{"allow":["GET"]}}],"collection":[{"href":"https:\/\/iicalgeri.esteri.it\/fr\/wp-json\/wp\/v2\/pages"}],"about":[{"href":"https:\/\/iicalgeri.esteri.it\/fr\/wp-json\/wp\/v2\/types\/page"}],"author":[{"embeddable":true,"href":"https:\/\/iicalgeri.esteri.it\/fr\/wp-json\/wp\/v2\/users\/4"}],"replies":[{"embeddable":true,"href":"https:\/\/iicalgeri.esteri.it\/fr\/wp-json\/wp\/v2\/comments?post=406"}],"version-history":[{"count":2,"href":"https:\/\/iicalgeri.esteri.it\/fr\/wp-json\/wp\/v2\/pages\/406\/revisions"}],"predecessor-version":[{"id":565,"href":"https:\/\/iicalgeri.esteri.it\/fr\/wp-json\/wp\/v2\/pages\/406\/revisions\/565"}],"up":[{"embeddable":true,"href":"https:\/\/iicalgeri.esteri.it\/fr\/wp-json\/wp\/v2\/pages\/83"}],"wp:attachment":[{"href":"https:\/\/iicalgeri.esteri.it\/fr\/wp-json\/wp\/v2\/media?parent=406"}],"curies":[{"name":"wp","href":"https:\/\/api.w.org\/{rel}","templated":true}]}}