{"id":400,"date":"2023-07-16T10:14:08","date_gmt":"2023-07-16T09:14:08","guid":{"rendered":"https:\/\/iicalgeri.esteri.it\/?page_id=400"},"modified":"2023-07-17T09:49:55","modified_gmt":"2023-07-17T08:49:55","slug":"espace-presse","status":"publish","type":"page","link":"https:\/\/iicalgeri.esteri.it\/fr\/chi-siamo\/la-sede\/espace-presse\/","title":{"rendered":"Espace Presse"},"content":{"rendered":"<p>Bienvenu dans l&rsquo;Espace\u00a0Presse!<\/p>\n<p>L&rsquo;Institut Culturel Italien d\u2019Alger se charge de la diffusion de l\u2019information concernant les manifestations organis\u00e9es.<\/p>\n<p>L\u2019attention que les m\u00e9dias accordent \u00e0 nos activit\u00e9s est document\u00e9e par la Revue de Presse que nous vous invitons \u00e0 consulter.<\/p>\n<p>En outre, il est possible de visionner la Galerie d&rsquo;images sur les principales manifestations organis\u00e9es par l&rsquo;Institut.<\/p>\n","protected":false},"excerpt":{"rendered":"Bienvenu dans l&rsquo;Espace\u00a0Presse! L&rsquo;Institut Culturel Italien d\u2019Alger se charge de la diffusion de l\u2019information concernant les manifestations organis\u00e9es. L\u2019attention que les m\u00e9dias accordent \u00e0 nos activit\u00e9s est document\u00e9e par la Revue de Presse que nous vous invitons \u00e0 consulter. En outre, il est possible de visionner la Galerie d&rsquo;images sur les principales manifestations organis\u00e9es par [&hellip;]","protected":false},"author":4,"featured_media":0,"parent":83,"menu_order":0,"comment_status":"closed","ping_status":"closed","template":"","meta":{"footnotes":""},"class_list":["post-400","page","type-page","status-publish","hentry"],"_links":{"self":[{"href":"https:\/\/iicalgeri.esteri.it\/fr\/wp-json\/wp\/v2\/pages\/400","targetHints":{"allow":["GET"]}}],"collection":[{"href":"https:\/\/iicalgeri.esteri.it\/fr\/wp-json\/wp\/v2\/pages"}],"about":[{"href":"https:\/\/iicalgeri.esteri.it\/fr\/wp-json\/wp\/v2\/types\/page"}],"author":[{"embeddable":true,"href":"https:\/\/iicalgeri.esteri.it\/fr\/wp-json\/wp\/v2\/users\/4"}],"replies":[{"embeddable":true,"href":"https:\/\/iicalgeri.esteri.it\/fr\/wp-json\/wp\/v2\/comments?post=400"}],"version-history":[{"count":1,"href":"https:\/\/iicalgeri.esteri.it\/fr\/wp-json\/wp\/v2\/pages\/400\/revisions"}],"predecessor-version":[{"id":401,"href":"https:\/\/iicalgeri.esteri.it\/fr\/wp-json\/wp\/v2\/pages\/400\/revisions\/401"}],"up":[{"embeddable":true,"href":"https:\/\/iicalgeri.esteri.it\/fr\/wp-json\/wp\/v2\/pages\/83"}],"wp:attachment":[{"href":"https:\/\/iicalgeri.esteri.it\/fr\/wp-json\/wp\/v2\/media?parent=400"}],"curies":[{"name":"wp","href":"https:\/\/api.w.org\/{rel}","templated":true}]}}